{"id":1909,"date":"2025-10-01T11:46:25","date_gmt":"2025-10-01T11:46:25","guid":{"rendered":"https:\/\/www.kug-ems.de\/?page_id=1909"},"modified":"2026-01-14T09:14:21","modified_gmt":"2026-01-14T09:14:21","slug":"fachkraefte-experten","status":"publish","type":"page","link":"https:\/\/www.kug-ems.de\/en\/fachkraefte-experten\/","title":{"rendered":"Spe\u00adcia\u00adlists &amp; experts"},"content":{"rendered":"<p>[et_pb_section fb_built=&#8220;1&#8243; prev_background_color=&#8220;RGBA(255,255,255,0)&#8220; _builder_version=&#8220;4.27.4&#8243; _module_preset=&#8220;default&#8220; background_enable_color=&#8220;off&#8220; use_background_color_gradient=&#8220;on&#8220; background_color_gradient_direction=&#8220;201deg&#8220; background_color_gradient_stops=&#8220;#666666 3%|rgba(255,255,255,0) 88%&#8220; background_color_gradient_overlays_image=&#8220;on&#8220; background_image=&#8220;https:\/\/www.kug-ems.de\/wp-content\/uploads\/2025\/10\/KuG-Karriere-Start2.webp&#8220; parallax=&#8220;on&#8220; background_enable_video_mp4=&#8220;off&#8220; height=&#8220;55vh&#8220; height_tablet=&#8220;70vh&#8220; height_phone=&#8220;45vh&#8220; height_last_edited=&#8220;on|phone&#8220; custom_padding=&#8220;0px||0px||true|false&#8220; top_divider_style=&#8220;wave2&#8243; bottom_divider_style=&#8220;wave2&#8243; bottom_divider_color=&#8220;#FFFFFF&#8220; animation_style=&#8220;slide&#8220; animation_direction=&#8220;bottom&#8220; animation_duration=&#8220;1600ms&#8220; animation_intensity_slide=&#8220;100%&#8220; animation_speed_curve=&#8220;ease-out&#8220; locked=&#8220;off&#8220; global_colors_info=&#8220;{}&#8220;][et_pb_row _builder_version=&#8220;4.27.4&#8243; _module_preset=&#8220;default&#8220; background_enable_video_mp4=&#8220;off&#8220; width=&#8220;100%&#8220; max_width=&#8220;2560px&#8220; custom_padding=&#8220;0px||0px||true|false&#8220; global_colors_info=&#8220;{}&#8220;][et_pb_column type=&#8220;4_4&#8243; _builder_version=&#8220;4.27.0&#8243; _module_preset=&#8220;default&#8220; global_colors_info=&#8220;{}&#8220;][et_pb_text _builder_version=&#8220;4.27.4&#8243; _module_preset=&#8220;default&#8220; text_font_size=&#8220;16px&#8220; header_2_font=&#8220;&#8211;et_global_heading_font|&#8211;et_global_heading_font_weight|||||||&#8220; header_2_text_color=&#8220;rgba(255,255,255,0.73)&#8220; header_2_font_size=&#8220;3vw&#8220; header_2_line_height=&#8220;1.1em&#8220; background_enable_color=&#8220;off&#8220; custom_margin=&#8220;0px||||false|false&#8220; custom_padding=&#8220;30vh|||10vh|false|false&#8220; custom_padding_tablet=&#8220;26vh|||10vh|false|false&#8220; custom_padding_phone=&#8220;10vh|||9vw|false|false&#8220; custom_padding_last_edited=&#8220;on|phone&#8220; animation_style=&#8220;slide&#8220; animation_direction=&#8220;left&#8220; animation_duration=&#8220;2000ms&#8220; animation_speed_curve=&#8220;ease-out&#8220; header_2_font_size_tablet=&#8220;36px&#8220; header_2_font_size_phone=&#8220;24px&#8220; header_2_font_size_last_edited=&#8220;on|phone&#8220; global_colors_info=&#8220;{}&#8220;]<\/p>\n<h2>FACHKR\u00c4FTE UND FACHEXPERTEN<\/h2>\n<p>[\/et_pb_text][\/et_pb_column][\/et_pb_row][\/et_pb_section][et_pb_section fb_built=&#8220;1&#8243; _builder_version=&#8220;4.27.4&#8243; _module_preset=&#8220;default&#8220; background_enable_color=&#8220;off&#8220; custom_padding=&#8220;||80px||false|false&#8220; locked=&#8220;off&#8220; global_colors_info=&#8220;{}&#8220;][et_pb_row custom_padding_last_edited=&#8220;on|phone&#8220; _builder_version=&#8220;4.27.0&#8243; _module_preset=&#8220;default&#8220; background_color=&#8220;RGBA(255,255,255,0)&#8220; custom_padding_tablet=&#8220;&#8220; custom_padding_phone=&#8220;0px||||false|false&#8220; global_colors_info=&#8220;{}&#8220;][et_pb_column type=&#8220;4_4&#8243; _builder_version=&#8220;4.27.0&#8243; _module_preset=&#8220;default&#8220; global_colors_info=&#8220;{}&#8220;][et_pb_heading title=&#8220;STELLENANGEBOTE&#8220; _builder_version=&#8220;4.27.4&#8243; _module_preset=&#8220;default&#8220; global_colors_info=&#8220;{}&#8220;][\/et_pb_heading][\/et_pb_column][\/et_pb_row][et_pb_row disabled_on=&#8220;on|on|off&#8220; _builder_version=&#8220;4.27.4&#8243; _module_preset=&#8220;default&#8220; background_color=&#8220;RGBA(255,255,255,0)&#8220; global_colors_info=&#8220;{}&#8220;][et_pb_column type=&#8220;4_4&#8243; _builder_version=&#8220;4.27.0&#8243; _module_preset=&#8220;default&#8220; global_colors_info=&#8220;{}&#8220;][et_pb_text _builder_version=&#8220;4.27.4&#8243; _module_preset=&#8220;default&#8220; text_text_color=&#8220;#1A1A1A&#8220; text_font_size=&#8220;15px&#8220; link_text_color=&#8220;#C40404&#8243; custom_css_main_element=&#8220;text-align: justify;||columns: 100px 2;||-webkit-columns: 100px 2;||-moz-columns: 100px 2;&#8220; global_colors_info=&#8220;{}&#8220;]<\/p>\n<section class=\"elementor-section elementor-top-section elementor-element elementor-element-273c15b elementor-section-boxed elementor-section-height-default elementor-section-height-default\" data-id=\"273c15b\" data-element_type=\"section\">\n<div class=\"elementor-container elementor-column-gap-default\">\n<div class=\"elementor-column elementor-col-100 elementor-top-column elementor-element elementor-element-e7a3899\" data-id=\"e7a3899\" data-element_type=\"column\">\n<div class=\"elementor-widget-wrap elementor-element-populated\">\n<div class=\"elementor-element elementor-element-1d699b0 elementor-widget elementor-widget-text-editor\" data-id=\"1d699b0\" data-element_type=\"widget\" data-widget_type=\"text-editor.default\">\n<div class=\"elementor-widget-container\">Wir bieten ein gro\u00dfes Spektrum an neuen und interessanten Herausforderungen in einem wachsenden Unternehmen. Hinter der F\u00e4higkeit sich Herausforderungen immer wieder aufs Neue zu stellen, in Zusammenarbeit innovative Prozesse zu schaffen und effiziente L\u00f6sungen zu finden, steht das junge, aber auch erfahrene Team der Kr\u00fcger &amp; Gothe GmbH. Wir sch\u00e4tzen die Individualit\u00e4t unserer Mitarbeiter und legen gro\u00dfen Wert auf kontinuierliche Weiterbildung und Qualifizierung. Die Ver\u00e4nderungsf\u00e4higkeit in der Kombination mit einer respektvollen und teamorientierten Unternehmenskultur macht den Unterschied der Kr\u00fcger &amp; Gothe zu anderen Unternehmen aus. Sie m\u00f6chten die M\u00f6glichkeit haben, etwas ver\u00e4ndern zu k\u00f6nnen, sich selbst zu verwirklichen. Dann sind Sie bei uns <strong>richtig!<\/strong><\/div>\n<\/div>\n<\/div>\n<\/div>\n<\/div>\n<\/section>\n<p>[\/et_pb_text][\/et_pb_column][\/et_pb_row][et_pb_row disabled_on=&#8220;off|off|on&#8220; _builder_version=&#8220;4.27.4&#8243; _module_preset=&#8220;default&#8220; background_color=&#8220;RGBA(255,255,255,0)&#8220; global_colors_info=&#8220;{}&#8220;][et_pb_column type=&#8220;4_4&#8243; _builder_version=&#8220;4.27.0&#8243; _module_preset=&#8220;default&#8220; global_colors_info=&#8220;{}&#8220;][et_pb_text _builder_version=&#8220;4.27.4&#8243; _module_preset=&#8220;default&#8220; text_text_color=&#8220;#1A1A1A&#8220; text_font_size=&#8220;15px&#8220; link_text_color=&#8220;#C40404&#8243; global_colors_info=&#8220;{}&#8220;]<\/p>\n<section class=\"elementor-section elementor-top-section elementor-element elementor-element-273c15b elementor-section-boxed elementor-section-height-default elementor-section-height-default\" data-id=\"273c15b\" data-element_type=\"section\">\n<div class=\"elementor-container elementor-column-gap-default\">\n<div class=\"elementor-column elementor-col-100 elementor-top-column elementor-element elementor-element-e7a3899\" data-id=\"e7a3899\" data-element_type=\"column\">\n<div class=\"elementor-widget-wrap elementor-element-populated\">\n<div class=\"elementor-element elementor-element-1d699b0 elementor-widget elementor-widget-text-editor\" data-id=\"1d699b0\" data-element_type=\"widget\" data-widget_type=\"text-editor.default\">\n<div class=\"elementor-widget-container\">Wir bieten ein gro\u00dfes Spektrum an neuen und interessanten Herausforderungen in einem wachsenden Unternehmen. Hinter der F\u00e4higkeit sich Herausforderungen immer wieder aufs Neue zu stellen, in Zusammenarbeit innovative Prozesse zu schaffen und effiziente L\u00f6sungen zu finden, steht das junge, aber auch erfahrene Team der Kr\u00fcger &amp; Gothe GmbH. Wir sch\u00e4tzen die Individualit\u00e4t unserer Mitarbeiter und legen gro\u00dfen Wert auf kontinuierliche Weiterbildung und Qualifizierung. Die Ver\u00e4nderungsf\u00e4higkeit in der Kombination mit einer respektvollen und teamorientierten Unternehmenskultur macht den Unterschied der Kr\u00fcger &amp; Gothe zu anderen Unternehmen aus. Sie m\u00f6chten die M\u00f6glichkeit haben, etwas ver\u00e4ndern zu k\u00f6nnen, sich selbst zu verwirklichen. Dann sind Sie bei uns <strong>richtig!<\/strong><\/div>\n<\/div>\n<\/div>\n<\/div>\n<\/div>\n<\/section>\n<p>[\/et_pb_text][\/et_pb_column][\/et_pb_row][et_pb_row _builder_version=&#8220;4.27.4&#8243; _module_preset=&#8220;default&#8220; background_color=&#8220;RGBA(255,255,255,0)&#8220; global_colors_info=&#8220;{}&#8220;][et_pb_column type=&#8220;4_4&#8243; _builder_version=&#8220;4.27.0&#8243; _module_preset=&#8220;default&#8220; global_colors_info=&#8220;{}&#8220;][et_pb_text _builder_version=&#8220;4.27.4&#8243; _module_preset=&#8220;default&#8220; text_text_color=&#8220;#1A1A1A&#8220; text_font_size=&#8220;15px&#8220; link_text_color=&#8220;#C40404&#8243; global_colors_info=&#8220;{}&#8220;]<\/p>\n<section class=\"elementor-section elementor-top-section elementor-element elementor-element-1a9ad05 elementor-section-boxed elementor-section-height-default elementor-section-height-default\" data-id=\"1a9ad05\" data-element_type=\"section\">\n<div class=\"elementor-container elementor-column-gap-default\">\n<div class=\"elementor-column elementor-col-100 elementor-top-column elementor-element elementor-element-87b0796\" data-id=\"87b0796\" data-element_type=\"column\">\n<div class=\"elementor-widget-wrap elementor-element-populated\">\n<div class=\"elementor-element elementor-element-8eedb84 elementor-widget elementor-widget-text-editor\" data-id=\"8eedb84\" data-element_type=\"widget\" data-widget_type=\"text-editor.default\">\n<div class=\"elementor-widget-container\">\n<section class=\"elementor-section elementor-top-section elementor-element elementor-element-68e5e0e elementor-section-boxed elementor-section-height-default elementor-section-height-default\" data-id=\"68e5e0e\" data-element_type=\"section\">\n<div class=\"elementor-container elementor-column-gap-default\">\n<div class=\"elementor-column elementor-col-100 elementor-top-column elementor-element elementor-element-4ecd16e\" data-id=\"4ecd16e\" data-element_type=\"column\">\n<div class=\"elementor-widget-wrap elementor-element-populated\">\n<div class=\"elementor-element elementor-element-8b9f2ea elementor-widget elementor-widget-text-editor\" data-id=\"8b9f2ea\" data-element_type=\"widget\" data-widget_type=\"text-editor.default\">\n<div class=\"elementor-widget-container\">\n<h3><span style=\"color: #ff0000;\"><strong>z.Zt. keine Stellenausschreibungen<\/strong><\/span><\/h3>\n<\/div>\n<\/div>\n<\/div>\n<\/div>\n<\/div>\n<\/section>\n<\/div>\n<\/div>\n<\/div>\n<\/div>\n<\/div>\n<\/section>\n<p>[\/et_pb_text][\/et_pb_column][\/et_pb_row][et_pb_row disabled_on=&#8220;on|on|on&#8220; _builder_version=&#8220;4.27.4&#8243; _module_preset=&#8220;default&#8220; background_color=&#8220;RGBA(255,255,255,0)&#8220; disabled=&#8220;on&#8220; global_colors_info=&#8220;{}&#8220;][et_pb_column type=&#8220;4_4&#8243; _builder_version=&#8220;4.27.0&#8243; _module_preset=&#8220;default&#8220; global_colors_info=&#8220;{}&#8220;][et_pb_text _builder_version=&#8220;4.27.4&#8243; _module_preset=&#8220;default&#8220; text_text_color=&#8220;#1A1A1A&#8220; text_font_size=&#8220;15px&#8220; link_text_color=&#8220;#C40404&#8243; global_colors_info=&#8220;{}&#8220;]<\/p>\n<section class=\"elementor-section elementor-top-section elementor-element elementor-element-1a9ad05 elementor-section-boxed elementor-section-height-default elementor-section-height-default\" data-id=\"1a9ad05\" data-element_type=\"section\">\n<div class=\"elementor-container elementor-column-gap-default\">\n<div class=\"elementor-column elementor-col-100 elementor-top-column elementor-element elementor-element-87b0796\" data-id=\"87b0796\" data-element_type=\"column\">\n<div class=\"elementor-widget-wrap elementor-element-populated\">\n<div class=\"elementor-element elementor-element-8eedb84 elementor-widget elementor-widget-text-editor\" data-id=\"8eedb84\" data-element_type=\"widget\" data-widget_type=\"text-editor.default\">\n<div class=\"elementor-widget-container\">\n<section class=\"elementor-section elementor-top-section elementor-element elementor-element-68e5e0e elementor-section-boxed elementor-section-height-default elementor-section-height-default\" data-id=\"68e5e0e\" data-element_type=\"section\">\n<div class=\"elementor-container elementor-column-gap-default\">\n<div class=\"elementor-column elementor-col-100 elementor-top-column elementor-element elementor-element-4ecd16e\" data-id=\"4ecd16e\" data-element_type=\"column\">\n<div class=\"elementor-widget-wrap elementor-element-populated\">\n<div class=\"elementor-element elementor-element-8b9f2ea elementor-widget elementor-widget-text-editor\" data-id=\"8b9f2ea\" data-element_type=\"widget\" data-widget_type=\"text-editor.default\">\n<div class=\"elementor-widget-container\">\n<p>Wir suchen Sie zur Unterst\u00fctzung und zum Ausbau unseres Teams am\u00a0<strong>Standort Sta\u00dffurt (Sachsen-Anhalt)<\/strong>.<\/p>\n<\/div>\n<\/div>\n<\/div>\n<\/div>\n<\/div>\n<\/section>\n<section class=\"elementor-section elementor-top-section elementor-element elementor-element-273c15b elementor-section-boxed elementor-section-height-default elementor-section-height-default\" data-id=\"273c15b\" data-element_type=\"section\">\n<div class=\"elementor-container elementor-column-gap-default\">\n<div class=\"elementor-column elementor-col-100 elementor-top-column elementor-element elementor-element-e7a3899\" data-id=\"e7a3899\" data-element_type=\"column\">\n<div class=\"elementor-widget-wrap elementor-element-populated\">\n<div class=\"elementor-element elementor-element-1d699b0 elementor-widget elementor-widget-text-editor\" data-id=\"1d699b0\" data-element_type=\"widget\" data-widget_type=\"text-editor.default\">\n<div class=\"elementor-widget-container\">\n<p><strong>Gegenw\u00e4rtig bieten wir Ihnen folgende Arbeitsstellen an:<\/strong><\/p>\n<p><a href=\"https:\/\/www.kug-ems.de\/stellenangebote\/#ingenieurelektro\"><strong>Ingenieur Elektrotechnik (m\/w\/d)<\/strong><\/a><\/p>\n<p><strong><a href=\"https:\/\/www.kug-ems.de\/stellenangebote\/#ingenieurelektro\">Ingenieur Elektrotechnik (m\/w\/d)<\/a><\/strong><\/p>\n<p><strong><a href=\"https:\/\/www.kug-ems.de\/stellenangebote\/#geraeteelektroniker\">Elektroniker f\u00fcr Ger\u00e4te und Systeme (m\/w\/d)<\/a><\/strong><\/p>\n<p><strong><a href=\"https:\/\/www.kug-ems.de\/stellenangebote\/#softwareingenieur\">Entwicklungsingenieur Software (m\/w\/d)<\/a><\/strong><\/p>\n<p><strong><a href=\"https:\/\/www.kug-ems.de\/stellenangebote\/#prozesstechniker\">Fertigungstechnologe\/Prozesstechniker (m\/w\/d)<\/a><\/strong><\/p>\n<\/div>\n<\/div>\n<\/div>\n<\/div>\n<\/div>\n<\/section>\n<\/div>\n<\/div>\n<\/div>\n<\/div>\n<\/div>\n<\/section>\n<p>[\/et_pb_text][\/et_pb_column][\/et_pb_row][et_pb_row _builder_version=&#8220;4.27.0&#8243; _module_preset=&#8220;default&#8220; background_color=&#8220;RGBA(255,255,255,0)&#8220; custom_padding=&#8220;0px|||||&#8220; global_colors_info=&#8220;{}&#8220;][et_pb_column type=&#8220;4_4&#8243; _builder_version=&#8220;4.27.0&#8243; _module_preset=&#8220;default&#8220; global_colors_info=&#8220;{}&#8220;][et_pb_text _builder_version=&#8220;4.27.4&#8243; _module_preset=&#8220;default&#8220; text_text_color=&#8220;#1A1A1A&#8220; text_font_size=&#8220;15px&#8220; link_text_color=&#8220;#C40404&#8243; global_colors_info=&#8220;{}&#8220;]<\/p>\n<p>Nachfolgend sind einige Berufe dargestellt, die im Unternehmen zum Einsatz kommen.<\/p>\n<p>&nbsp;<\/p>\n<div class=\"elementor-widget-container\"><\/div>\n<div class=\"elementor-widget-container\">\n<div class=\"elementor-element elementor-element-71fffd1 elementor-widget elementor-widget-text-editor\" data-id=\"71fffd1\" data-element_type=\"widget\" data-widget_type=\"text-editor.default\">\n<div class=\"elementor-widget-container\">\n<p><strong>Einsatzm\u00f6glichkeiten:<\/strong><\/p>\n<ul>\n<li>Fachkraft Logistik\/Lager (m\/w\/d)<\/li>\n<li>Verpacker (m\/w\/d)<\/li>\n<li>Transportmitarbeiter (m\/w\/d)<\/li>\n<li>Sichtpr\u00fcfer (m\/w\/d)<\/li>\n<li>Maschinenbediener (m\/w\/d)<\/li>\n<li>L\u00f6tfachkraft (m\/w\/d)<\/li>\n<li>Handbest\u00fccker (m\/w\/d)<\/li>\n<li>Mechatroniker (m\/w\/d)<\/li>\n<li>Elektroniker (m\/w\/d)<\/li>\n<li>Techniker (m\/w\/d)<\/li>\n<li>Meister der Elektrotechnik (m\/w\/d)<\/li>\n<li>Ingenieur der Elektrotechnik (m\/w\/d)<\/li>\n<li>Bachelor- und Master-Absolventen (technisch &amp; kaufm\u00e4nnisch) (m\/w\/d)<\/li>\n<li>Qualit\u00e4tsingenieur (m\/w\/d)<\/li>\n<li>Entwicklungsingenieur (Hardware\/Software) (m\/w\/d)<\/li>\n<li>IT-\/ERP-Experten (m\/w\/d)<\/li>\n<li>Eink\u00e4ufer (m\/w\/d)<\/li>\n<li>B\u00fcrokaufleute (m\/w\/d)<\/li>\n<\/ul>\n<p>&nbsp;<\/p>\n<p>Bitte senden Sie Ihre Bewerbung an unsere Personalabteilung <strong><a href=\"mailto:bewerbung@kug-ems.de\">bewerbung@kug-ems.de<\/a>\u00a0<\/strong>und\u00a0beachten Sie auch unsere\u00a0<a href=\"https:\/\/www.kug-ems.de\/karriere\/#tipps\"><strong>Tipps und Hinweise<\/strong><\/a> f\u00fcr Ihre Bewerbung.<\/p>\n<\/div>\n<\/div>\n<\/div>\n<p>[\/et_pb_text][et_pb_text _builder_version=&#8220;4.27.4&#8243; _module_preset=&#8220;default&#8220; text_text_color=&#8220;#1A1A1A&#8220; text_font_size=&#8220;15px&#8220; link_text_color=&#8220;#C40404&#8243; global_colors_info=&#8220;{}&#8220;][\/et_pb_text][\/et_pb_column][\/et_pb_row][et_pb_row disabled_on=&#8220;on|on|on&#8220; _builder_version=&#8220;4.27.4&#8243; _module_preset=&#8220;default&#8220; background_color=&#8220;RGBA(255,255,255,0)&#8220; custom_padding=&#8220;0px|||||&#8220; disabled=&#8220;on&#8220; global_colors_info=&#8220;{}&#8220;][et_pb_column type=&#8220;4_4&#8243; _builder_version=&#8220;4.27.0&#8243; _module_preset=&#8220;default&#8220; global_colors_info=&#8220;{}&#8220;][et_pb_text _builder_version=&#8220;4.27.4&#8243; _module_preset=&#8220;default&#8220; text_text_color=&#8220;#1A1A1A&#8220; text_font_size=&#8220;15px&#8220; link_text_color=&#8220;#C40404&#8243; global_colors_info=&#8220;{}&#8220;]<\/p>\n<p>Die Kr\u00fcger &amp; Gothe GmbH sucht\u00a0<strong>kurz-, mittel- und langfristig<\/strong>\u00a0weitere\u00a0<strong>qualifizierte und talentierte Mitarbeiter<\/strong>.\u00a0Nachfolgend sind einige Berufe dargestellt, die im Unternehmen zum Einsatz kommen.<\/p>\n<div class=\"elementor-widget-container\"><\/div>\n<div class=\"elementor-widget-container\">\n<div class=\"elementor-element elementor-element-71fffd1 elementor-widget elementor-widget-text-editor\" data-id=\"71fffd1\" data-element_type=\"widget\" data-widget_type=\"text-editor.default\">\n<div class=\"elementor-widget-container\">\n<p><strong>Einsatzm\u00f6glichkeiten:<\/strong><\/p>\n<p>&nbsp;<\/p>\n<ul>\n<li>Fachkraft Logistik\/Lager (m\/w\/d)<\/li>\n<li>Verpacker (m\/w\/d)<\/li>\n<li>Transportmitarbeiter (m\/w\/d)<\/li>\n<li>Sichtpr\u00fcfer (m\/w\/d)<\/li>\n<li>Maschinenbediener (m\/w\/d)<\/li>\n<li>L\u00f6tfachkraft (m\/w\/d)<\/li>\n<li>Handbest\u00fccker (m\/w\/d)<\/li>\n<li>Mechatroniker (m\/w\/d)<\/li>\n<li>Elektroniker (m\/w\/d)<\/li>\n<li>Techniker (m\/w\/d)<\/li>\n<li>Meister der Elektrotechnik (m\/w\/d)<\/li>\n<li>Ingenieur der Elektrotechnik (m\/w\/d)<\/li>\n<li>Bachelor- und Master-Absolventen (technisch &amp; kaufm\u00e4nnisch) (m\/w\/d)<\/li>\n<li>Qualit\u00e4tsingenieur (m\/w\/d)<\/li>\n<li>Entwicklungsingenieur (Hardware\/Software) (m\/w\/d)<\/li>\n<li>IT-\/ERP-Experten (m\/w\/d)<\/li>\n<li>Eink\u00e4ufer (m\/w\/d)<\/li>\n<li>B\u00fcrokaufleute (m\/w\/d)<\/li>\n<\/ul>\n<p>&nbsp;<\/p>\n<p>Bitte senden Sie Ihre Bewerbung an unsere Personalabteilung <strong><a href=\"mailto:bewerbung@kug-ems.de\">bewerbung@kug-ems.de<\/a>\u00a0<\/strong>und\u00a0beachten Sie auch unsere\u00a0<a href=\"https:\/\/www.kug-ems.de\/karriere\/#tipps\"><strong>Tipps und Hinweise<\/strong><\/a> f\u00fcr Ihre Bewerbung.<\/p>\n<\/div>\n<\/div>\n<\/div>\n<p>[\/et_pb_text][et_pb_text _builder_version=&#8220;4.27.4&#8243; _module_preset=&#8220;default&#8220; text_text_color=&#8220;#1A1A1A&#8220; text_font_size=&#8220;15px&#8220; link_text_color=&#8220;#C40404&#8243; global_colors_info=&#8220;{}&#8220;][\/et_pb_text][\/et_pb_column][\/et_pb_row][\/et_pb_section]<\/p>\n","protected":false},"excerpt":{"rendered":"<p>FACHKR\u00c4FTE UND FACHEXPERTEN Wir bieten ein gro\u00dfes Spektrum an neuen und interessanten Herausforderungen in einem wachsenden Unternehmen. Hinter der F\u00e4higkeit sich Herausforderungen immer wieder aufs Neue zu stellen, in Zusammenarbeit innovative Prozesse zu schaffen und effiziente L\u00f6sungen zu finden, steht das junge, aber auch erfahrene Team der Kr\u00fcger &amp; Gothe GmbH. Wir sch\u00e4tzen die Individualit\u00e4t [&hellip;]<\/p>\n","protected":false},"author":1,"featured_media":0,"parent":0,"menu_order":0,"comment_status":"closed","ping_status":"closed","template":"","meta":{"_et_pb_use_builder":"on","_et_pb_old_content":"","_et_gb_content_width":"","inline_featured_image":false,"wp_typography_post_enhancements_disabled":false,"footnotes":""},"class_list":["post-1909","page","type-page","status-publish","hentry"],"_links":{"self":[{"href":"https:\/\/www.kug-ems.de\/en\/wp-json\/wp\/v2\/pages\/1909","targetHints":{"allow":["GET"]}}],"collection":[{"href":"https:\/\/www.kug-ems.de\/en\/wp-json\/wp\/v2\/pages"}],"about":[{"href":"https:\/\/www.kug-ems.de\/en\/wp-json\/wp\/v2\/types\/page"}],"author":[{"embeddable":true,"href":"https:\/\/www.kug-ems.de\/en\/wp-json\/wp\/v2\/users\/1"}],"replies":[{"embeddable":true,"href":"https:\/\/www.kug-ems.de\/en\/wp-json\/wp\/v2\/comments?post=1909"}],"version-history":[{"count":12,"href":"https:\/\/www.kug-ems.de\/en\/wp-json\/wp\/v2\/pages\/1909\/revisions"}],"predecessor-version":[{"id":2734,"href":"https:\/\/www.kug-ems.de\/en\/wp-json\/wp\/v2\/pages\/1909\/revisions\/2734"}],"wp:attachment":[{"href":"https:\/\/www.kug-ems.de\/en\/wp-json\/wp\/v2\/media?parent=1909"}],"curies":[{"name":"wp","href":"https:\/\/api.w.org\/{rel}","templated":true}]}}