{"id":1915,"date":"2025-10-01T11:45:22","date_gmt":"2025-10-01T11:45:22","guid":{"rendered":"https:\/\/www.kug-ems.de\/?page_id=1915"},"modified":"2026-01-21T15:11:40","modified_gmt":"2026-01-21T15:11:40","slug":"ausbildung-bei-krueger-gothe","status":"publish","type":"page","link":"https:\/\/www.kug-ems.de\/en\/ausbildung-bei-krueger-gothe\/","title":{"rendered":"Trai\u00adning at Kr\u00fc\u00adger &amp; Gothe"},"content":{"rendered":"<p>[et_pb_section fb_built=&#8220;1&#8243; prev_background_color=&#8220;RGBA(255,255,255,0)&#8220; _builder_version=&#8220;4.27.4&#8243; _module_preset=&#8220;default&#8220; background_enable_color=&#8220;off&#8220; use_background_color_gradient=&#8220;on&#8220; background_color_gradient_direction=&#8220;201deg&#8220; background_color_gradient_stops=&#8220;#666666 3%|rgba(255,255,255,0) 88%&#8220; background_color_gradient_overlays_image=&#8220;on&#8220; background_image=&#8220;https:\/\/www.kug-ems.de\/wp-content\/uploads\/2025\/09\/KuG-Ausbildung-Start1.webp&#8220; parallax=&#8220;on&#8220; background_enable_video_mp4=&#8220;off&#8220; height=&#8220;55vh&#8220; height_tablet=&#8220;70vh&#8220; height_phone=&#8220;45vh&#8220; height_last_edited=&#8220;on|phone&#8220; custom_padding=&#8220;0px||0px||true|false&#8220; top_divider_style=&#8220;wave2&#8243; bottom_divider_style=&#8220;wave2&#8243; bottom_divider_color=&#8220;#FFFFFF&#8220; animation_style=&#8220;slide&#8220; animation_direction=&#8220;bottom&#8220; animation_duration=&#8220;1600ms&#8220; animation_intensity_slide=&#8220;100%&#8220; animation_speed_curve=&#8220;ease-out&#8220; locked=&#8220;off&#8220; global_colors_info=&#8220;{}&#8220;][et_pb_row _builder_version=&#8220;4.27.4&#8243; _module_preset=&#8220;default&#8220; background_enable_video_mp4=&#8220;off&#8220; width=&#8220;100%&#8220; max_width=&#8220;2560px&#8220; custom_padding=&#8220;0px||0px||true|false&#8220; global_colors_info=&#8220;{}&#8220;][et_pb_column type=&#8220;4_4&#8243; _builder_version=&#8220;4.27.0&#8243; _module_preset=&#8220;default&#8220; global_colors_info=&#8220;{}&#8220;][et_pb_text _builder_version=&#8220;4.27.4&#8243; _module_preset=&#8220;default&#8220; text_font_size=&#8220;16px&#8220; header_2_font=&#8220;&#8211;et_global_heading_font|&#8211;et_global_heading_font_weight|||||||&#8220; header_2_text_color=&#8220;rgba(255,255,255,0.73)&#8220; header_2_font_size=&#8220;3vw&#8220; header_2_line_height=&#8220;1.1em&#8220; background_enable_color=&#8220;off&#8220; custom_margin=&#8220;0px||||false|false&#8220; custom_padding=&#8220;30vh|||10vh|false|false&#8220; custom_padding_tablet=&#8220;26vh|||10vh|false|false&#8220; custom_padding_phone=&#8220;10vh|||9vw|false|false&#8220; custom_padding_last_edited=&#8220;on|phone&#8220; animation_style=&#8220;slide&#8220; animation_direction=&#8220;left&#8220; animation_duration=&#8220;2000ms&#8220; animation_speed_curve=&#8220;ease-out&#8220; header_2_font_size_tablet=&#8220;36px&#8220; header_2_font_size_phone=&#8220;24px&#8220; header_2_font_size_last_edited=&#8220;on|phone&#8220; global_colors_info=&#8220;{}&#8220;]<\/p>\n<h2>\nHIER FINDEST DU DEINE ZUKUNFT<br \/>\n<\/h2>\n<p>[\/et_pb_text][\/et_pb_column][\/et_pb_row][\/et_pb_section][et_pb_section fb_built=&#8220;1&#8243; _builder_version=&#8220;4.27.4&#8243; _module_preset=&#8220;default&#8220; background_enable_color=&#8220;off&#8220; custom_padding=&#8220;||80px||false|false&#8220; locked=&#8220;off&#8220; global_colors_info=&#8220;{}&#8220;][et_pb_row custom_padding_last_edited=&#8220;on|phone&#8220; _builder_version=&#8220;4.27.0&#8243; _module_preset=&#8220;default&#8220; background_color=&#8220;RGBA(255,255,255,0)&#8220; custom_padding_tablet=&#8220;&#8220; custom_padding_phone=&#8220;0px||||false|false&#8220; global_colors_info=&#8220;{}&#8220;][et_pb_column type=&#8220;4_4&#8243; _builder_version=&#8220;4.27.0&#8243; _module_preset=&#8220;default&#8220; global_colors_info=&#8220;{}&#8220;][et_pb_heading title=&#8220;ALLES AUF EINEN BLICK&#8220; _builder_version=&#8220;4.27.4&#8243; _module_preset=&#8220;default&#8220; global_colors_info=&#8220;{}&#8220;][\/et_pb_heading][\/et_pb_column][\/et_pb_row][et_pb_row _builder_version=&#8220;4.27.0&#8243; _module_preset=&#8220;default&#8220; background_color=&#8220;RGBA(255,255,255,0)&#8220; global_colors_info=&#8220;{}&#8220;][et_pb_column type=&#8220;4_4&#8243; _builder_version=&#8220;4.27.0&#8243; _module_preset=&#8220;default&#8220; global_colors_info=&#8220;{}&#8220;][et_pb_text _builder_version=&#8220;4.27.4&#8243; _module_preset=&#8220;default&#8220; text_text_color=&#8220;#1A1A1A&#8220; text_font_size=&#8220;15px&#8220; link_text_color=&#8220;#C40404&#8243; global_colors_info=&#8220;{}&#8220;]<\/p>\n<p>Wir sind ein mittelst\u00e4ndischer Elektronikdienstleister f\u00fcr nationale und internationale Kunden mit Standorten in Deutschland und in China. Unsere Marktsegmente befinden sich in den Bereichen Automotive, Bahn, Industrie sowie Luft- und Raumfahrt. Die leistungsstarke Produktion reicht von elektronischen Baugruppen bis hin zu kompletten Elektronikprodukten und Endger\u00e4ten.<\/p>\n<p>[\/et_pb_text][et_pb_divider color=&#8220;#E09900&#8243; divider_weight=&#8220;2px&#8220; _builder_version=&#8220;4.27.4&#8243; _module_preset=&#8220;default&#8220; global_colors_info=&#8220;{}&#8220;][\/et_pb_divider][\/et_pb_column][\/et_pb_row][et_pb_row disabled_on=&#8220;on|on|on&#8220; _builder_version=&#8220;4.27.4&#8243; _module_preset=&#8220;default&#8220; background_color=&#8220;RGBA(255,255,255,0)&#8220; disabled=&#8220;on&#8220; locked=&#8220;off&#8220; global_colors_info=&#8220;{}&#8220;][et_pb_column type=&#8220;4_4&#8243; _builder_version=&#8220;4.27.0&#8243; _module_preset=&#8220;default&#8220; global_colors_info=&#8220;{}&#8220;][et_pb_text _builder_version=&#8220;4.27.4&#8243; _module_preset=&#8220;default&#8220; global_colors_info=&#8220;{}&#8220;]<\/p>\n<h3>Ausbildung zur Fachkraft Lagerlogistik<\/h3>\n<p>(m\/w\/d)<\/p>\n<p>[\/et_pb_text][et_pb_image src=&#8220;https:\/\/www.kug-ems.de\/wp-content\/uploads\/2025\/09\/KuG-Lagerlogistik-Azubi.jpg&#8220; title_text=&#8220;KuG Lagerlogistik Azubi&#8220; _builder_version=&#8220;4.27.4&#8243; _module_preset=&#8220;default&#8220; global_colors_info=&#8220;{}&#8220;][\/et_pb_image][\/et_pb_column][\/et_pb_row][et_pb_row disabled_on=&#8220;on|on|on&#8220; _builder_version=&#8220;4.27.4&#8243; _module_preset=&#8220;default&#8220; background_color=&#8220;RGBA(255,255,255,0)&#8220; disabled=&#8220;on&#8220; locked=&#8220;off&#8220; global_colors_info=&#8220;{}&#8220;][et_pb_column type=&#8220;4_4&#8243; _builder_version=&#8220;4.27.0&#8243; _module_preset=&#8220;default&#8220; global_colors_info=&#8220;{}&#8220;][et_pb_text _builder_version=&#8220;4.27.4&#8243; _module_preset=&#8220;default&#8220; text_font_size=&#8220;16px&#8220; global_colors_info=&#8220;{}&#8220;]<\/p>\n<p><strong>Das T\u00e4tigkeitsfeld der 3-j\u00e4hrigen Ausbildung umfasst folgende Inhalte:<\/strong><\/p>\n<p>[\/et_pb_text][et_pb_text _builder_version=&#8220;4.27.4&#8243; _module_preset=&#8220;default&#8220; text_text_color=&#8220;#1A1A1A&#8220; text_font_size=&#8220;15px&#8220; link_text_color=&#8220;#C40404&#8243; global_colors_info=&#8220;{}&#8220;]<\/p>\n<section class=\"elementor-section elementor-top-section elementor-element elementor-element-273c15b elementor-section-boxed elementor-section-height-default elementor-section-height-default\" data-id=\"273c15b\" data-element_type=\"section\">\n<div class=\"elementor-container elementor-column-gap-default\">\n<div class=\"elementor-column elementor-col-100 elementor-top-column elementor-element elementor-element-e7a3899\" data-id=\"e7a3899\" data-element_type=\"column\">\n<div class=\"elementor-widget-wrap elementor-element-populated\">\n<div class=\"elementor-element elementor-element-1d699b0 elementor-widget elementor-widget-text-editor\" data-id=\"1d699b0\" data-element_type=\"widget\" data-widget_type=\"text-editor.default\">\n<div class=\"elementor-widget-container\">\n<p>Fachkr\u00e4fte f\u00fcr Lagerlogistik nehmen Waren aller Art an und pr\u00fcfen anhand der Begleitpapiere deren Menge und Beschaffenheit. Sie organisieren die Entladung der G\u00fcter, sortieren diese und lagern sie sachgerecht an vorher bereits eingeplanten Pl\u00e4tzen. Dabei achten sie darauf, dass die Waren unter optimalen Bedingungen gelagert werden, und regulieren z.B. Temperatur und Luftfeuchtigkeit.<\/p>\n<p>Im Warenausgang planen sie Auslieferungstouren und ermitteln die g\u00fcnstigste Versandart. Sie stellen Lieferungen zusammen, verpacken die Ware und erstellen Begleitpapiere wie Lieferscheine oder Zollerkl\u00e4rungen. Au\u00dferdem beladen sie Lkws, Container oder Eisenbahnwaggons, bedienen Gabelstapler und sichern die Fracht gegen Verrutschen oder Auslaufen.<\/p>\n<p>Dar\u00fcber hinaus optimieren Fachkr\u00e4fte f\u00fcr Lagerlogistik den innerbetrieblichen Informations- und Materialfluss von der Beschaffung bis zum Absatz. Sie erkunden Warenbezugsquellen, erarbeiten Angebotsvergleiche, bestellen Waren und veranlassen deren Bezahlung.<\/p>\n<p><strong>Dein Profil:<\/strong><\/p>\n<ul>\n<li>Guter Realschulabschluss<\/li>\n<li>Ausdauer und Zuverl\u00e4ssigkeit<\/li>\n<li>Motivation und Lernbereitschaft<\/li>\n<li>Begeisterungsf\u00e4higkeit und Spa\u00df an logistischen Prozessen<\/li>\n<li>Einsatzbereitschaft und Teamf\u00e4higkeit<\/li>\n<li>Deutsch in Wort und Schrift<strong>\u00a0<\/strong><\/li>\n<\/ul>\n<p><strong>Wir bieten:<\/strong><\/p>\n<ul>\n<li>Ein Arbeitsklima, das vom kollegialen Miteinander und Zusammenhalt gepr\u00e4gt ist<\/li>\n<li>Attraktive Ausbildungsverg\u00fctung<\/li>\n<li>Pr\u00e4mienzahlungen bei guten schulischen Leistungen<\/li>\n<li>Sehr gute \u00dcbernahmechancen bei erfolgreichem Abschluss<\/li>\n<li>Mobilit\u00e4tszuschuss in Form des Deutschlandtickets<\/li>\n<li>Unterst\u00fctzung mit Nachhilfeunterricht und intensive Pr\u00fcfungsvorbereitung<\/li>\n<li>gute Work Life Balance- aufgrund angenehmer Arbeitszeiten<\/li>\n<li>Unterst\u00fctzung bei Weiterbildungsw\u00fcnschen und Qualifizierungen<\/li>\n<li>Angebote zur F\u00f6rderung und zum Erhalt der Gesundheit<\/li>\n<li>Attraktive Sozialleistungen, wie z.B. Fahrradleasing<\/li>\n<\/ul>\n<p>&nbsp;<\/p>\n<p><img loading=\"lazy\" decoding=\"async\" src=\"https:\/\/www.kug-ems.de\/wp-content\/uploads\/2025\/09\/KuG-Icons_karriere_zh_280723.png\" width=\"708\" height=\"426\" alt=\"\" class=\"wp-image-1921 alignnone size-full\" \/><\/p>\n<\/div>\n<\/div>\n<\/div>\n<\/div>\n<\/div>\n<\/section>\n<p>[\/et_pb_text][et_pb_button button_url=&#8220;https:\/\/snm-jobs.de\/Stellen\/fachlagerist-m-w-d-azubi-stassfurt\/&#8220; url_new_window=&#8220;on&#8220; button_text=&#8220;Jetzt online bewerben (Zum Bewerberportal)&#8220; button_alignment=&#8220;right&#8220; _builder_version=&#8220;4.27.4&#8243; _module_preset=&#8220;default&#8220; custom_button=&#8220;on&#8220; button_text_size=&#8220;18px&#8220; button_text_color=&#8220;#FFFFFF&#8220; button_bg_color=&#8220;#E09900&#8243; background_layout=&#8220;dark&#8220; animation_style=&#8220;zoom&#8220; global_colors_info=&#8220;{}&#8220;][\/et_pb_button][et_pb_divider color=&#8220;#E09900&#8243; divider_weight=&#8220;2px&#8220; _builder_version=&#8220;4.27.4&#8243; _module_preset=&#8220;default&#8220; global_colors_info=&#8220;{}&#8220;][\/et_pb_divider][\/et_pb_column][\/et_pb_row][et_pb_row disabled_on=&#8220;on|on|on&#8220; _builder_version=&#8220;4.27.4&#8243; _module_preset=&#8220;default&#8220; background_color=&#8220;RGBA(255,255,255,0)&#8220; hover_enabled=&#8220;0&#8243; locked=&#8220;off&#8220; global_colors_info=&#8220;{}&#8220; disabled=&#8220;on&#8220; sticky_enabled=&#8220;0&#8243;][et_pb_column type=&#8220;4_4&#8243; _builder_version=&#8220;4.27.0&#8243; _module_preset=&#8220;default&#8220; global_colors_info=&#8220;{}&#8220;][et_pb_text _builder_version=&#8220;4.27.4&#8243; _module_preset=&#8220;default&#8220; global_colors_info=&#8220;{}&#8220;]<\/p>\n<h3>Ausbildung zum Industriekaufmann\/-frau<\/h3>\n<p>(m\/w\/d)<\/p>\n<p>[\/et_pb_text][et_pb_image src=&#8220;https:\/\/www.kug-ems.de\/wp-content\/uploads\/2025\/09\/KuG-Industriekfm-Azubi.jpg&#8220; title_text=&#8220;KuG Industriekfm Azubi&#8220; _builder_version=&#8220;4.27.4&#8243; _module_preset=&#8220;default&#8220; global_colors_info=&#8220;{}&#8220;][\/et_pb_image][\/et_pb_column][\/et_pb_row][et_pb_row disabled_on=&#8220;on|on|on&#8220; _builder_version=&#8220;4.27.4&#8243; _module_preset=&#8220;default&#8220; background_color=&#8220;RGBA(255,255,255,0)&#8220; hover_enabled=&#8220;0&#8243; locked=&#8220;off&#8220; global_colors_info=&#8220;{}&#8220; disabled=&#8220;on&#8220; sticky_enabled=&#8220;0&#8243;][et_pb_column type=&#8220;4_4&#8243; _builder_version=&#8220;4.27.0&#8243; _module_preset=&#8220;default&#8220; global_colors_info=&#8220;{}&#8220;][et_pb_text _builder_version=&#8220;4.27.4&#8243; _module_preset=&#8220;default&#8220; text_font_size=&#8220;16px&#8220; global_colors_info=&#8220;{}&#8220;]<\/p>\n<p><strong>Das T\u00e4tigkeitsfeld der 3-j\u00e4hrigen Ausbildung umfasst folgende Inhalte:<\/strong><\/p>\n<p>[\/et_pb_text][et_pb_text disabled_on=&#8220;off|off|off&#8220; _builder_version=&#8220;4.27.4&#8243; _module_preset=&#8220;default&#8220; text_text_color=&#8220;#1A1A1A&#8220; text_font_size=&#8220;15px&#8220; link_text_color=&#8220;#C40404&#8243; global_colors_info=&#8220;{}&#8220;]<\/p>\n<section class=\"elementor-section elementor-top-section elementor-element elementor-element-273c15b elementor-section-boxed elementor-section-height-default elementor-section-height-default\" data-id=\"273c15b\" data-element_type=\"section\">\n<div class=\"elementor-container elementor-column-gap-default\">\n<div class=\"elementor-column elementor-col-100 elementor-top-column elementor-element elementor-element-e7a3899\" data-id=\"e7a3899\" data-element_type=\"column\">\n<div class=\"elementor-widget-wrap elementor-element-populated\">\n<div class=\"elementor-element elementor-element-1d699b0 elementor-widget elementor-widget-text-editor\" data-id=\"1d699b0\" data-element_type=\"widget\" data-widget_type=\"text-editor.default\">\n<div class=\"elementor-widget-container\">\n<p>Industriekaufleute steuern betriebswirtschaftliche Abl\u00e4ufe in Unternehmen. In der Materialwirtschaft vergleichen sie Angebote, verhandeln mit Lieferanten und betreuen die Warenannahme und -lagerung. In der Produktionswirtschaft planen, steuern und \u00fcberwachen sie die Herstellung von Waren oder Dienstleistungen und erstellen Auftragsbegleitpapiere. Kalkulationen und Preislisten zu erarbeiten und mit den Kunden Verkaufsverhandlungen zu f\u00fchren, geh\u00f6rt im Verkauf zu ihrem Zust\u00e4ndigkeitsbereich. Au\u00dferdem erarbeiten sie Marketingstrategien. Sind sie in den Bereichen Rechnungswesen bzw. Finanzwirtschaft t\u00e4tig, bearbeiten, buchen und kontrollieren Industriekaufleute die im Gesch\u00e4ftsverkehr anfallenden Vorg\u00e4nge. Im Personalwesen ermitteln sie den Bedarf an Mitarbeitern, wirken bei der Personalbeschaffung bzw. -auswahl mit und planen den Personaleinsatz.<\/p>\n<p><strong>Dein Profil:<\/strong><\/p>\n<ul>\n<li>Einen guten oder erweiterten Realschulabschluss, gern Abitur oder Fachabitur<\/li>\n<li>Hohes Ma\u00df an Zuverl\u00e4ssigkeit und Sorgfalt<\/li>\n<li>Motivation und Lernbereitschaft<\/li>\n<li>Begeisterungsf\u00e4higkeit und Spa\u00df an kaufm\u00e4nnischen Prozessen<\/li>\n<li>Organisationsf\u00e4higkeit, Team- und Kommunikationsf\u00e4higkeit<\/li>\n<li>Grundlagenkenntnisse der g\u00e4ngigen MS-Office Programme<\/li>\n<li>Deutsch in Wort und Schrift<strong><br \/><\/strong><\/li>\n<\/ul>\n<div><\/div>\n<div><\/div>\n<div><\/div>\n<div>\n<p><strong>Wir bieten:<\/strong><\/p>\n<ul>\n<li>Ein Arbeitsklima, das vom kollegialen Miteinander und Zusammenhalt gepr\u00e4gt ist<\/li>\n<li>Attraktive Ausbildungsverg\u00fctung<\/li>\n<li>Pr\u00e4mienzahlungen bei guten schulischen Leistungen<\/li>\n<li>Sehr gute \u00dcbernahmechancen bei erfolgreichem Abschluss<\/li>\n<li>Mobilit\u00e4tszuschuss in Form des Deutschlandtickets<\/li>\n<li>Unterst\u00fctzung mit Nachhilfeunterricht und intensive Pr\u00fcfungsvorbereitung<\/li>\n<li>gute Work Life Balance- aufgrund angenehmer Arbeitszeiten<\/li>\n<li>Unterst\u00fctzung bei Weiterbildungsw\u00fcnschen und Qualifizierungen<\/li>\n<li>Angebote zur F\u00f6rderung und zum Erhalt der Gesundheit<\/li>\n<li>Attraktive Sozialleistungen, wie z.B. Fahrradleasing<\/li>\n<\/ul>\n<p><img loading=\"lazy\" decoding=\"async\" src=\"https:\/\/www.kug-ems.de\/wp-content\/uploads\/2025\/09\/KuG-Icons_karriere_zh_280723.png\" width=\"693\" height=\"417\" alt=\"\" class=\"wp-image-1921 alignnone size-full\" \/><\/p>\n<\/div>\n<\/div>\n<\/div>\n<\/div>\n<\/div>\n<\/div>\n<\/section>\n<p>[\/et_pb_text][et_pb_button button_url=&#8220;https:\/\/snm-jobs.de\/Stellen\/industriekaufmann-frau-m-w-d-azubi-stassfurt\/&#8220; url_new_window=&#8220;on&#8220; button_text=&#8220;Jetzt online bewerben (Zum Bewerberportal)&#8220; button_alignment=&#8220;right&#8220; _builder_version=&#8220;4.27.4&#8243; _module_preset=&#8220;default&#8220; custom_button=&#8220;on&#8220; button_text_size=&#8220;18px&#8220; button_text_color=&#8220;#FFFFFF&#8220; button_bg_color=&#8220;#E09900&#8243; background_layout=&#8220;dark&#8220; animation_style=&#8220;zoom&#8220; global_colors_info=&#8220;{}&#8220;][\/et_pb_button][et_pb_divider color=&#8220;#E09900&#8243; divider_weight=&#8220;2px&#8220; _builder_version=&#8220;4.27.4&#8243; _module_preset=&#8220;default&#8220; global_colors_info=&#8220;{}&#8220;][\/et_pb_divider][\/et_pb_column][\/et_pb_row][et_pb_row _builder_version=&#8220;4.27.0&#8243; _module_preset=&#8220;default&#8220; background_color=&#8220;RGBA(255,255,255,0)&#8220; locked=&#8220;off&#8220; global_colors_info=&#8220;{}&#8220;][et_pb_column type=&#8220;4_4&#8243; _builder_version=&#8220;4.27.0&#8243; _module_preset=&#8220;default&#8220; global_colors_info=&#8220;{}&#8220;][et_pb_text _builder_version=&#8220;4.27.4&#8243; _module_preset=&#8220;default&#8220; global_colors_info=&#8220;{}&#8220;]<\/p>\n<h3>Ausbildung zum Elektroniker f\u00fcr Ger\u00e4te und Systeme\u00a0<\/h3>\n<p>(m\/w\/d)<\/p>\n<p>[\/et_pb_text][et_pb_image src=&#8220;https:\/\/www.kug-ems.de\/wp-content\/uploads\/2025\/09\/KuG-Elektroniker-Azubi.jpg&#8220; title_text=&#8220;KuG Elektroniker Azubi&#8220; _builder_version=&#8220;4.27.4&#8243; _module_preset=&#8220;default&#8220; global_colors_info=&#8220;{}&#8220;][\/et_pb_image][\/et_pb_column][\/et_pb_row][et_pb_row _builder_version=&#8220;4.27.0&#8243; _module_preset=&#8220;default&#8220; background_color=&#8220;RGBA(255,255,255,0)&#8220; locked=&#8220;off&#8220; global_colors_info=&#8220;{}&#8220;][et_pb_column type=&#8220;4_4&#8243; _builder_version=&#8220;4.27.0&#8243; _module_preset=&#8220;default&#8220; global_colors_info=&#8220;{}&#8220;][et_pb_text _builder_version=&#8220;4.27.4&#8243; _module_preset=&#8220;default&#8220; text_font_size=&#8220;16px&#8220; global_colors_info=&#8220;{}&#8220;]<\/p>\n<p><strong>Das T\u00e4tigkeitsfeld der 3,5-j\u00e4hrigen Ausbildung umfasst folgende Inhalte:<\/strong><\/p>\n<p>[\/et_pb_text][et_pb_text _builder_version=&#8220;4.27.4&#8243; _module_preset=&#8220;default&#8220; text_text_color=&#8220;#1A1A1A&#8220; text_font_size=&#8220;15px&#8220; link_text_color=&#8220;#C40404&#8243; global_colors_info=&#8220;{}&#8220;]<\/p>\n<section class=\"elementor-section elementor-top-section elementor-element elementor-element-273c15b elementor-section-boxed elementor-section-height-default elementor-section-height-default\" data-id=\"273c15b\" data-element_type=\"section\">\n<div class=\"elementor-container elementor-column-gap-default\">\n<div class=\"elementor-column elementor-col-100 elementor-top-column elementor-element elementor-element-e7a3899\" data-id=\"e7a3899\" data-element_type=\"column\">\n<div class=\"elementor-widget-wrap elementor-element-populated\">\n<div class=\"elementor-element elementor-element-1d699b0 elementor-widget elementor-widget-text-editor\" data-id=\"1d699b0\" data-element_type=\"widget\" data-widget_type=\"text-editor.default\">\n<div class=\"elementor-widget-container\">\n<div>\n<p>Elektroniker\/innen f\u00fcr Ger\u00e4te und Systeme passen Baugruppen an, erstellen Leiterplatten, montieren Komponenten und stellen elektronische Ger\u00e4te und Systeme f\u00fcr verschiedene Verwendungszwecke her. Sie installieren und konfigurieren Programme oder Betriebssysteme, pr\u00fcfen Komponenten, erarbeiten Ger\u00e4tedokumentationen oder erstellen Layouts. Dar\u00fcber hinaus k\u00fcmmern sie sich um die Beschaffung von Bauteilen sowie Betriebsmitteln und unterst\u00fctzen Techniker\/innen oder Ingenieure bzw. Ingenieurinnen bei der Umsetzung von Auftr\u00e4gen. Sie planen Produktionsabl\u00e4ufe, richten Fertigungs- und Pr\u00fcfmaschinen ein und wirken bei der Qualit\u00e4tssicherung mit. Au\u00dferdem erstellen sie Systemdokumentationen und Fertigungsunterlagen. Auch die Wartung und Instandsetzung f\u00e4llt in ihren Aufgabenbereich. Im Kundendienst und bei der Reparatur von Ger\u00e4ten grenzen Elektroniker\/innen f\u00fcr Ger\u00e4te und Systeme die Fehlerquellen ein und wechseln defekte Teile aus.<\/p>\n<p><strong>Ihr Profil:<\/strong><\/p>\n<ul>\n<li>Einen guten oder erweiterten Realschulabschluss, vor allem in Physik und Mathe, gern Abitur oder Fachabitur<\/li>\n<li>Ausdauer und Zuverl\u00e4ssigkeit<\/li>\n<li>Motivation und Lernbereitschaft<\/li>\n<li>Begeisterungsf\u00e4higkeit und Spa\u00df an Technik<\/li>\n<li>Einsatzbereitschaft und Teamf\u00e4higkeit<\/li>\n<li>Deutsch in Wort und Schrift<strong>\u00a0<\/strong><strong><br \/><\/strong><\/li>\n<\/ul>\n<p><strong>Wir bieten:<\/strong><\/p>\n<ul>\n<li>Ein Arbeitsklima, das vom kollegialen Miteinander und Zusammenhalt gepr\u00e4gt ist<\/li>\n<li>Attraktive Ausbildungsverg\u00fctung<\/li>\n<li>Pr\u00e4mienzahlungen bei guten schulischen Leistungen<\/li>\n<li>Sehr gute \u00dcbernahmechancen bei erfolgreichem Abschluss<\/li>\n<li>Mobilit\u00e4tszuschuss in Form des Deutschlandtickets<\/li>\n<li>Unterst\u00fctzung mit Nachhilfeunterricht und intensive Pr\u00fcfungsvorbereitung<\/li>\n<li>gute Work Life Balance- aufgrund angenehmer Arbeitszeiten<\/li>\n<li>Unterst\u00fctzung bei Weiterbildungsw\u00fcnschen und Qualifizierungen<\/li>\n<li>Angebote zur F\u00f6rderung und zum Erhalt der Gesundheit<\/li>\n<li>Attraktive Sozialleistungen, wie z.B. Fahrradleasing<\/li>\n<\/ul>\n<p><img loading=\"lazy\" decoding=\"async\" src=\"https:\/\/www.kug-ems.de\/wp-content\/uploads\/2025\/09\/KuG-Icons_karriere_zh_280723.png\" width=\"693\" height=\"417\" alt=\"\" class=\"wp-image-1921 alignnone size-full\" \/><\/p>\n<\/div>\n<\/div>\n<\/div>\n<\/div>\n<\/div>\n<\/div>\n<\/section>\n<p>[\/et_pb_text][et_pb_button button_url=&#8220;https:\/\/snm-jobs.de\/Stellen\/elektroniker-fuer-geraete-und-systeme-2\/&#8220; url_new_window=&#8220;on&#8220; button_text=&#8220;Jetzt online bewerben (Zum Bewerberportal)&#8220; button_alignment=&#8220;right&#8220; _builder_version=&#8220;4.27.4&#8243; _module_preset=&#8220;default&#8220; custom_button=&#8220;on&#8220; button_text_size=&#8220;18px&#8220; button_text_color=&#8220;#FFFFFF&#8220; button_bg_color=&#8220;#E09900&#8243; background_layout=&#8220;dark&#8220; animation_style=&#8220;zoom&#8220; global_colors_info=&#8220;{}&#8220;][\/et_pb_button][et_pb_divider color=&#8220;#E09900&#8243; divider_weight=&#8220;2px&#8220; _builder_version=&#8220;4.27.4&#8243; _module_preset=&#8220;default&#8220; global_colors_info=&#8220;{}&#8220;][\/et_pb_divider][\/et_pb_column][\/et_pb_row][\/et_pb_section]<\/p>\n","protected":false},"excerpt":{"rendered":"<p>HIER FINDEST DU DEINE ZUKUNFT Wir sind ein mittelst\u00e4ndischer Elektronikdienstleister f\u00fcr nationale und internationale Kunden mit Standorten in Deutschland und in China. Unsere Marktsegmente befinden sich in den Bereichen Automotive, Bahn, Industrie sowie Luft- und Raumfahrt. Die leistungsstarke Produktion reicht von elektronischen Baugruppen bis hin zu kompletten Elektronikprodukten und Endger\u00e4ten.Ausbildung zur Fachkraft Lagerlogistik (m\/w\/d)Das T\u00e4tigkeitsfeld [&hellip;]<\/p>\n","protected":false},"author":1,"featured_media":0,"parent":0,"menu_order":0,"comment_status":"closed","ping_status":"closed","template":"","meta":{"_et_pb_use_builder":"on","_et_pb_old_content":"","_et_gb_content_width":"","inline_featured_image":false,"wp_typography_post_enhancements_disabled":false,"footnotes":""},"class_list":["post-1915","page","type-page","status-publish","hentry"],"_links":{"self":[{"href":"https:\/\/www.kug-ems.de\/en\/wp-json\/wp\/v2\/pages\/1915","targetHints":{"allow":["GET"]}}],"collection":[{"href":"https:\/\/www.kug-ems.de\/en\/wp-json\/wp\/v2\/pages"}],"about":[{"href":"https:\/\/www.kug-ems.de\/en\/wp-json\/wp\/v2\/types\/page"}],"author":[{"embeddable":true,"href":"https:\/\/www.kug-ems.de\/en\/wp-json\/wp\/v2\/users\/1"}],"replies":[{"embeddable":true,"href":"https:\/\/www.kug-ems.de\/en\/wp-json\/wp\/v2\/comments?post=1915"}],"version-history":[{"count":15,"href":"https:\/\/www.kug-ems.de\/en\/wp-json\/wp\/v2\/pages\/1915\/revisions"}],"predecessor-version":[{"id":2739,"href":"https:\/\/www.kug-ems.de\/en\/wp-json\/wp\/v2\/pages\/1915\/revisions\/2739"}],"wp:attachment":[{"href":"https:\/\/www.kug-ems.de\/en\/wp-json\/wp\/v2\/media?parent=1915"}],"curies":[{"name":"wp","href":"https:\/\/api.w.org\/{rel}","templated":true}]}}