{"id":2332,"date":"2025-10-08T13:46:47","date_gmt":"2025-10-08T13:46:47","guid":{"rendered":"https:\/\/www.kug-ems.de\/?page_id=2332"},"modified":"2025-10-17T12:40:50","modified_gmt":"2025-10-17T12:40:50","slug":"service-support","status":"publish","type":"page","link":"https:\/\/www.kug-ems.de\/en\/service-support\/","title":{"rendered":"Ser\u00advice &amp; Sup\u00adport"},"content":{"rendered":"<p>[et_pb_section fb_built=&#8220;1&#8243; prev_background_color=&#8220;RGBA(255,255,255,0)&#8220; _builder_version=&#8220;4.27.4&#8243; _module_preset=&#8220;default&#8220; background_enable_color=&#8220;off&#8220; use_background_color_gradient=&#8220;on&#8220; background_color_gradient_direction=&#8220;201deg&#8220; background_color_gradient_stops=&#8220;#666666 3%|rgba(255,255,255,0) 88%&#8220; background_color_gradient_overlays_image=&#8220;on&#8220; background_image=&#8220;https:\/\/www.kug-ems.de\/wp-content\/uploads\/2025\/09\/KuG-Support-Tech.webp&#8220; parallax=&#8220;on&#8220; background_enable_video_mp4=&#8220;off&#8220; height=&#8220;55vh&#8220; height_tablet=&#8220;70vh&#8220; height_phone=&#8220;45vh&#8220; height_last_edited=&#8220;on|phone&#8220; custom_padding=&#8220;0px||0px||true|false&#8220; top_divider_style=&#8220;wave2&#8243; bottom_divider_style=&#8220;wave2&#8243; bottom_divider_color=&#8220;#ededed&#8220; animation_style=&#8220;slide&#8220; animation_direction=&#8220;bottom&#8220; animation_duration=&#8220;1600ms&#8220; animation_intensity_slide=&#8220;100%&#8220; animation_speed_curve=&#8220;ease-out&#8220; locked=&#8220;off&#8220; global_colors_info=&#8220;{}&#8220;][et_pb_row _builder_version=&#8220;4.27.4&#8243; _module_preset=&#8220;default&#8220; background_enable_video_mp4=&#8220;off&#8220; width=&#8220;100%&#8220; max_width=&#8220;2560px&#8220; custom_padding=&#8220;0px||0px||true|false&#8220; global_colors_info=&#8220;{}&#8220;][et_pb_column type=&#8220;4_4&#8243; _builder_version=&#8220;4.27.0&#8243; _module_preset=&#8220;default&#8220; global_colors_info=&#8220;{}&#8220;][et_pb_text _builder_version=&#8220;4.27.4&#8243; _module_preset=&#8220;default&#8220; text_font_size=&#8220;16px&#8220; header_2_font=&#8220;&#8211;et_global_heading_font|&#8211;et_global_heading_font_weight|||||||&#8220; header_2_text_color=&#8220;rgba(255,255,255,0.73)&#8220; header_2_font_size=&#8220;4vw&#8220; header_2_line_height=&#8220;1.1em&#8220; background_enable_color=&#8220;off&#8220; custom_margin=&#8220;0px||||false|false&#8220; custom_padding=&#8220;30vh|||10vh|false|false&#8220; custom_padding_tablet=&#8220;26vh|||10vh|false|false&#8220; custom_padding_phone=&#8220;10vh|||9vw|false|false&#8220; custom_padding_last_edited=&#8220;on|phone&#8220; animation_style=&#8220;slide&#8220; animation_direction=&#8220;left&#8220; animation_duration=&#8220;2000ms&#8220; animation_speed_curve=&#8220;ease-out&#8220; header_2_font_size_tablet=&#8220;36px&#8220; header_2_font_size_phone=&#8220;24px&#8220; header_2_font_size_last_edited=&#8220;on|phone&#8220; global_colors_info=&#8220;{}&#8220;]<\/p>\n<h2>WIR ARBEITEN SERVICEORIENTIERT<\/h2>\n<p>[\/et_pb_text][\/et_pb_column][\/et_pb_row][\/et_pb_section][et_pb_section fb_built=&#8220;1&#8243; disabled_on=&#8220;on|on|off&#8220; _builder_version=&#8220;4.27.4&#8243; _module_preset=&#8220;default&#8220; background_color=&#8220;#ededed&#8220; custom_padding=&#8220;||80px||false|false&#8220; locked=&#8220;off&#8220; global_colors_info=&#8220;{}&#8220;][et_pb_row _builder_version=&#8220;4.27.0&#8243; _module_preset=&#8220;default&#8220; background_color=&#8220;RGBA(255,255,255,0)&#8220; global_colors_info=&#8220;{}&#8220;][et_pb_column type=&#8220;4_4&#8243; _builder_version=&#8220;4.27.0&#8243; _module_preset=&#8220;default&#8220; global_colors_info=&#8220;{}&#8220;][et_pb_text _builder_version=&#8220;4.27.4&#8243; _module_preset=&#8220;default&#8220; text_text_color=&#8220;#1A1A1A&#8220; text_font_size=&#8220;15px&#8220; link_text_color=&#8220;#C40404&#8243; global_colors_info=&#8220;{}&#8220;]<\/p>\n<section class=\"elementor-section elementor-top-section elementor-element elementor-element-1a9ad05 elementor-section-boxed elementor-section-height-default elementor-section-height-default\" data-id=\"1a9ad05\" data-element_type=\"section\">\n<div class=\"elementor-container elementor-column-gap-default\">\n<div class=\"elementor-column elementor-col-100 elementor-top-column elementor-element elementor-element-87b0796\" data-id=\"87b0796\" data-element_type=\"column\">\n<div class=\"elementor-widget-wrap elementor-element-populated\">\n<div class=\"elementor-element elementor-element-8eedb84 elementor-widget elementor-widget-text-editor\" data-id=\"8eedb84\" data-element_type=\"widget\" data-widget_type=\"text-editor.default\">\n<div class=\"elementor-widget-container\">\n<p>Zum Unternehmenskonzept der Kr\u00fcger &amp; Gothe GmbH geh\u00f6rt auch ein umfassender\u00a0<strong>Service<\/strong>. Dieser reicht von diversen individuellen\u00a0<strong>Logistikl\u00f6sungen<\/strong>\u00a0bis hin zum\u00a0<strong>Transport<\/strong>\u00a0und\u00a0<strong>After Sales Service<\/strong>, denn ein erfolgreiches EMS-Konzept muss heute auch die ganzheitliche Leistung um das Produkt und den Kunden herum abbilden k\u00f6nnen.<\/p>\n<\/div>\n<\/div>\n<\/div>\n<\/div>\n<\/div>\n<\/section>\n<p>[\/et_pb_text][\/et_pb_column][\/et_pb_row][et_pb_row module_class=&#8220;kb-zoomout-right&#8220; _builder_version=&#8220;4.27.4&#8243; _module_preset=&#8220;default&#8220; custom_css_main_element=&#8220;overflow: hidden;&#8220; locked=&#8220;off&#8220; global_colors_info=&#8220;{}&#8220;][et_pb_column type=&#8220;4_4&#8243; _builder_version=&#8220;4.27.4&#8243; _module_preset=&#8220;default&#8220; global_colors_info=&#8220;{}&#8220;][et_pb_divider color=&#8220;#E09900&#8243; divider_weight=&#8220;2px&#8220; _builder_version=&#8220;4.27.4&#8243; _module_preset=&#8220;default&#8220; global_colors_info=&#8220;{}&#8220;][\/et_pb_divider][et_pb_text _builder_version=&#8220;4.27.4&#8243; _module_preset=&#8220;default&#8220; custom_padding=&#8220;||||false|false&#8220; global_colors_info=&#8220;{}&#8220;]<\/p>\n<table style=\"border-collapse: collapse; width: 100%;\" border=\"1\">\n<tbody>\n<tr>\n<td style=\"width: 13.2468%;\"><img loading=\"lazy\" decoding=\"async\" src=\"https:\/\/www.kug-ems.de\/wp-content\/uploads\/2025\/10\/kug-pictogramm-Logistik.png\" width=\"300\" height=\"300\" alt=\"\" class=\"wp-image-2539 alignnone size-full\" srcset=\"https:\/\/www.kug-ems.de\/wp-content\/uploads\/2025\/10\/kug-pictogramm-Logistik.png 300w, https:\/\/www.kug-ems.de\/wp-content\/uploads\/2025\/10\/kug-pictogramm-Logistik-150x150.png 150w, https:\/\/www.kug-ems.de\/wp-content\/uploads\/2025\/10\/kug-pictogramm-Logistik-12x12.png 12w, https:\/\/www.kug-ems.de\/wp-content\/uploads\/2025\/10\/kug-pictogramm-Logistik-200x200.png 200w\" sizes=\"(max-width: 300px) 100vw, 300px\" \/><\/td>\n<td style=\"width: 86.7533%;\">\n<h1>LOGISTIK<\/h1>\n<\/td>\n<\/tr>\n<\/tbody>\n<\/table>\n<h1><\/h1>\n<h1><\/h1>\n<p>[\/et_pb_text][et_pb_image src=&#8220;https:\/\/www.kug-ems.de\/wp-content\/uploads\/2025\/10\/Bildrahmen-flach.png&#8220; title_text=&#8220;KuG Logistik&#8220; _builder_version=&#8220;4.27.4&#8243; _module_preset=&#8220;default&#8220; background_image=&#8220;https:\/\/www.kug-ems.de\/wp-content\/uploads\/2025\/09\/KuG-Logistik.jpg&#8220; parallax=&#8220;on&#8220; parallax_method=&#8220;off&#8220; global_colors_info=&#8220;{}&#8220;][\/et_pb_image][\/et_pb_column][\/et_pb_row][et_pb_row _builder_version=&#8220;4.27.0&#8243; _module_preset=&#8220;default&#8220; background_color=&#8220;RGBA(255,255,255,0)&#8220; locked=&#8220;off&#8220; global_colors_info=&#8220;{}&#8220;][et_pb_column type=&#8220;4_4&#8243; _builder_version=&#8220;4.27.0&#8243; _module_preset=&#8220;default&#8220; global_colors_info=&#8220;{}&#8220;][et_pb_text _builder_version=&#8220;4.27.4&#8243; _module_preset=&#8220;default&#8220; text_text_color=&#8220;#1A1A1A&#8220; text_font_size=&#8220;15px&#8220; link_text_color=&#8220;#C40404&#8243; custom_css_main_element=&#8220;text-align: justify;||columns: 100px 2;||-webkit-columns: 100px 2;||-moz-columns: 100px 2;&#8220; global_colors_info=&#8220;{}&#8220;]<\/p>\n<p>Mit Logistik verbindet die Kr\u00fcger &amp; Gothe GmbH die F\u00e4higkeit, die hohe\u00a0<strong>Marktdynamik<\/strong>\u00a0leistungsstark f\u00fcr die Kunden abbilden zu k\u00f6nnen. Dies beinhaltet insbesondere ein\u00a0<strong>individuelles Auftragsmanagement\u00a0<\/strong>und darauf basierend\u00a0<strong>material- und produktspezifische Logistikl\u00f6sungen<\/strong>. Das Unternehmen ist darauf spezialisiert, hierf\u00fcr sowohl die bew\u00e4hrten eigenen\u00a0<strong>Standardl\u00f6sungen\u00a0<\/strong>wie auch\u00a0<strong>Sonderl\u00f6sungen<\/strong>\u00a0f\u00fcr die Kunden realisieren zu k\u00f6nnen, um den Kunden einen\u00a0<strong>st\u00f6rungsfreien Marktzugang<\/strong> zu erm\u00f6glichen.<\/p>\n<p>[\/et_pb_text][\/et_pb_column][\/et_pb_row][et_pb_row _builder_version=&#8220;4.27.0&#8243; _module_preset=&#8220;default&#8220; background_color=&#8220;RGBA(255,255,255,0)&#8220; locked=&#8220;off&#8220; global_colors_info=&#8220;{}&#8220;][et_pb_column type=&#8220;4_4&#8243; _builder_version=&#8220;4.27.0&#8243; _module_preset=&#8220;default&#8220; global_colors_info=&#8220;{}&#8220;][et_pb_text _builder_version=&#8220;4.27.4&#8243; _module_preset=&#8220;default&#8220; custom_css_main_element=&#8220;text-align: justify;||columns: 100px 2;||-webkit-columns: 100px 2;||-moz-columns: 100px 2;&#8220; global_colors_info=&#8220;{}&#8220;]<\/p>\n<ul>\n<li>Material- und Produktlogistik<\/li>\n<li>Konsignationsl\u00e4ger<\/li>\n<li>Wiederbeschaffungsmanagement<\/li>\n<li>Sicherheitsl\u00e4ger<\/li>\n<li>Last Call Management<\/li>\n<li>Restmaterialvermarktung<\/li>\n<\/ul>\n<p>[\/et_pb_text][et_pb_text _builder_version=&#8220;4.27.4&#8243; _module_preset=&#8220;default&#8220; text_text_color=&#8220;#1A1A1A&#8220; text_font_size=&#8220;15px&#8220; link_text_color=&#8220;#C40404&#8243; global_colors_info=&#8220;{}&#8220;][\/et_pb_text][\/et_pb_column][\/et_pb_row][et_pb_row module_class=&#8220;kb-zoomout-right&#8220; _builder_version=&#8220;4.27.4&#8243; _module_preset=&#8220;default&#8220; custom_css_main_element=&#8220;overflow: hidden;&#8220; locked=&#8220;off&#8220; global_colors_info=&#8220;{}&#8220;][et_pb_column type=&#8220;4_4&#8243; _builder_version=&#8220;4.27.4&#8243; _module_preset=&#8220;default&#8220; global_colors_info=&#8220;{}&#8220;][et_pb_divider color=&#8220;#E09900&#8243; divider_weight=&#8220;2px&#8220; _builder_version=&#8220;4.27.4&#8243; _module_preset=&#8220;default&#8220; global_colors_info=&#8220;{}&#8220;][\/et_pb_divider][et_pb_text _builder_version=&#8220;4.27.4&#8243; _module_preset=&#8220;default&#8220; custom_padding=&#8220;||0px||false|false&#8220; global_colors_info=&#8220;{}&#8220;]<\/p>\n<table style=\"border-collapse: collapse; width: 100%;\" border=\"1\">\n<tbody>\n<tr>\n<td style=\"width: 13.2468%;\"><img loading=\"lazy\" decoding=\"async\" src=\"https:\/\/www.kug-ems.de\/wp-content\/uploads\/2025\/10\/kug-pictogramm-Transport2.png\" width=\"300\" height=\"300\" alt=\"\" class=\"wp-image-2541 alignnone size-full\" srcset=\"https:\/\/www.kug-ems.de\/wp-content\/uploads\/2025\/10\/kug-pictogramm-Transport2.png 300w, https:\/\/www.kug-ems.de\/wp-content\/uploads\/2025\/10\/kug-pictogramm-Transport2-150x150.png 150w, https:\/\/www.kug-ems.de\/wp-content\/uploads\/2025\/10\/kug-pictogramm-Transport2-12x12.png 12w, https:\/\/www.kug-ems.de\/wp-content\/uploads\/2025\/10\/kug-pictogramm-Transport2-200x200.png 200w\" sizes=\"(max-width: 300px) 100vw, 300px\" \/><\/td>\n<td style=\"width: 86.7533%;\">\n<h1>TRANSPORT<\/h1>\n<\/td>\n<\/tr>\n<\/tbody>\n<\/table>\n<h1><\/h1>\n<h1><\/h1>\n<p>[\/et_pb_text][et_pb_image src=&#8220;https:\/\/www.kug-ems.de\/wp-content\/uploads\/2025\/10\/Bildrahmen-flach.png&#8220; title_text=&#8220;KuG transport&#8220; _builder_version=&#8220;4.27.4&#8243; _module_preset=&#8220;default&#8220; background_image=&#8220;https:\/\/www.kug-ems.de\/wp-content\/uploads\/2025\/10\/KuG-transport.webp&#8220; parallax=&#8220;on&#8220; parallax_method=&#8220;off&#8220; global_colors_info=&#8220;{}&#8220;][\/et_pb_image][\/et_pb_column][\/et_pb_row][et_pb_row _builder_version=&#8220;4.27.0&#8243; _module_preset=&#8220;default&#8220; background_color=&#8220;RGBA(255,255,255,0)&#8220; global_colors_info=&#8220;{}&#8220;][et_pb_column type=&#8220;4_4&#8243; _builder_version=&#8220;4.27.0&#8243; _module_preset=&#8220;default&#8220; global_colors_info=&#8220;{}&#8220;][et_pb_text _builder_version=&#8220;4.27.4&#8243; _module_preset=&#8220;default&#8220; text_text_color=&#8220;#1A1A1A&#8220; text_font_size=&#8220;15px&#8220; link_text_color=&#8220;#C40404&#8243; custom_css_main_element=&#8220;text-align: justify;||columns: 100px 2;||-webkit-columns: 100px 2;||-moz-columns: 100px 2;&#8220; global_colors_info=&#8220;{}&#8220;]<\/p>\n<section class=\"elementor-section elementor-top-section elementor-element elementor-element-029ae83 elementor-section-boxed elementor-section-height-default elementor-section-height-default\" data-id=\"029ae83\" data-element_type=\"section\">\n<div class=\"elementor-container elementor-column-gap-default\">\n<div class=\"elementor-column elementor-col-100 elementor-top-column elementor-element elementor-element-bc91a6e\" data-id=\"bc91a6e\" data-element_type=\"column\">\n<div class=\"elementor-widget-wrap elementor-element-populated\">\n<div class=\"elementor-element elementor-element-289ec72 elementor-widget elementor-widget-text-editor\" data-id=\"289ec72\" data-element_type=\"widget\" data-widget_type=\"text-editor.default\">\n<div class=\"elementor-widget-container\">\n<p>Das<strong>\u00a0Transportmanagement<\/strong>\u00a0rundet das Dienstleistungsangebot der Kr\u00fcger &amp; Gothe GmbH ab. Der Anspruch des Unternehmens ist, die f\u00fcr den Kunden produzierten Produkte\u00a0<strong>qualifiziert und terminsicher<\/strong>\u00a0an den vom Kunden gew\u00fcnschten Ort zu transportieren. Das wird entweder durch den\u00a0<strong>eigenen Fuhrpark<\/strong> oder durch beauftragte qualifizierte<strong>\u00a0Logistikdienstleiter\u00a0<\/strong>sichergestellt. Alle Formalit\u00e4ten werden durch die Mitarbeiter der Kr\u00fcger &amp; Gothe GmbH verantwortungsvoll wahrgenommen.<\/p>\n<\/div>\n<\/div>\n<\/div>\n<\/div>\n<\/div>\n<\/section>\n<p>[\/et_pb_text][\/et_pb_column][\/et_pb_row][et_pb_row _builder_version=&#8220;4.27.0&#8243; _module_preset=&#8220;default&#8220; background_color=&#8220;RGBA(255,255,255,0)&#8220; global_colors_info=&#8220;{}&#8220;][et_pb_column type=&#8220;4_4&#8243; _builder_version=&#8220;4.27.0&#8243; _module_preset=&#8220;default&#8220; global_colors_info=&#8220;{}&#8220;][et_pb_text _builder_version=&#8220;4.27.4&#8243; _module_preset=&#8220;default&#8220; custom_css_main_element=&#8220;text-align: justify;||columns: 100px 2;||-webkit-columns: 100px 2;||-moz-columns: 100px 2;&#8220; global_colors_info=&#8220;{}&#8220;]<\/p>\n<ul>\n<li>Eigentransporte<\/li>\n<li>Terminlieferungen<\/li>\n<li>Expresslieferungen<\/li>\n<li>National und international<\/li>\n<li>Zollmanagement<\/li>\n<li>Einbindung in das Speditionsmanagement der Kunden<\/li>\n<\/ul>\n<p>[\/et_pb_text][et_pb_text _builder_version=&#8220;4.27.4&#8243; _module_preset=&#8220;default&#8220; text_text_color=&#8220;#1A1A1A&#8220; text_font_size=&#8220;15px&#8220; link_text_color=&#8220;#C40404&#8243; global_colors_info=&#8220;{}&#8220;][\/et_pb_text][\/et_pb_column][\/et_pb_row][et_pb_row module_class=&#8220;kb-zoomin&#8220; _builder_version=&#8220;4.27.4&#8243; _module_preset=&#8220;default&#8220; custom_css_main_element=&#8220;overflow: hidden;&#8220; locked=&#8220;off&#8220; global_colors_info=&#8220;{}&#8220;][et_pb_column type=&#8220;4_4&#8243; _builder_version=&#8220;4.27.4&#8243; _module_preset=&#8220;default&#8220; global_colors_info=&#8220;{}&#8220;][et_pb_divider color=&#8220;#E09900&#8243; divider_weight=&#8220;2px&#8220; _builder_version=&#8220;4.27.4&#8243; _module_preset=&#8220;default&#8220; global_colors_info=&#8220;{}&#8220;][\/et_pb_divider][et_pb_text _builder_version=&#8220;4.27.4&#8243; _module_preset=&#8220;default&#8220; custom_padding=&#8220;||||false|false&#8220; global_colors_info=&#8220;{}&#8220;]<\/p>\n<table style=\"border-collapse: collapse; width: 100%;\" border=\"1\">\n<tbody>\n<tr>\n<td style=\"width: 13.2468%;\"><img loading=\"lazy\" decoding=\"async\" src=\"https:\/\/www.kug-ems.de\/wp-content\/uploads\/2025\/10\/kug-pictogramm-reparatur2.png\" width=\"300\" height=\"300\" alt=\"\" class=\"wp-image-2544 alignnone size-full\" srcset=\"https:\/\/www.kug-ems.de\/wp-content\/uploads\/2025\/10\/kug-pictogramm-reparatur2.png 300w, https:\/\/www.kug-ems.de\/wp-content\/uploads\/2025\/10\/kug-pictogramm-reparatur2-150x150.png 150w, https:\/\/www.kug-ems.de\/wp-content\/uploads\/2025\/10\/kug-pictogramm-reparatur2-12x12.png 12w, https:\/\/www.kug-ems.de\/wp-content\/uploads\/2025\/10\/kug-pictogramm-reparatur2-200x200.png 200w\" sizes=\"(max-width: 300px) 100vw, 300px\" \/><\/td>\n<td style=\"width: 86.7533%;\">\n<h1>REPARATUR<\/h1>\n<\/td>\n<\/tr>\n<\/tbody>\n<\/table>\n<h1><\/h1>\n<h1><\/h1>\n<p>[\/et_pb_text][et_pb_image src=&#8220;https:\/\/www.kug-ems.de\/wp-content\/uploads\/2025\/10\/Bildrahmen-flach.png&#8220; title_text=&#8220;KuG-reparatur6&#8243; _builder_version=&#8220;4.27.4&#8243; _module_preset=&#8220;default&#8220; background_image=&#8220;https:\/\/www.kug-ems.de\/wp-content\/uploads\/2025\/10\/KuG-reparatur6.jpg&#8220; parallax=&#8220;on&#8220; parallax_method=&#8220;off&#8220; global_colors_info=&#8220;{}&#8220;][\/et_pb_image][\/et_pb_column][\/et_pb_row][et_pb_row _builder_version=&#8220;4.27.0&#8243; _module_preset=&#8220;default&#8220; background_color=&#8220;RGBA(255,255,255,0)&#8220; global_colors_info=&#8220;{}&#8220;][et_pb_column type=&#8220;4_4&#8243; _builder_version=&#8220;4.27.0&#8243; _module_preset=&#8220;default&#8220; global_colors_info=&#8220;{}&#8220;][et_pb_text _builder_version=&#8220;4.27.4&#8243; _module_preset=&#8220;default&#8220; text_text_color=&#8220;#1A1A1A&#8220; text_font_size=&#8220;15px&#8220; link_text_color=&#8220;#C40404&#8243; custom_css_main_element=&#8220;text-align: justify;||columns: 100px 2;||-webkit-columns: 100px 2;||-moz-columns: 100px 2;&#8220; global_colors_info=&#8220;{}&#8220;]<\/p>\n<p>Die Kr\u00fcger &amp; Gothe GmbH bietet seinen Kunden auch einen umfassenden\u00a0<strong>Reparaturservice<\/strong> an. Dazu geh\u00f6ren etwa, kostenlose Garantiereparaturen, sofern diese mit dem Kunden im Vorab individuell vereinbart wurden. Darunter sind Reparaturen zu verstehen, die durch <strong>Besch\u00e4digung Dritter<\/strong>\u00a0notwendig werden. Die technologischen M\u00f6glichkeiten sind hierbei vielf\u00e4ltig. Die Experten der Kr\u00fcger &amp; Gothe GmbH f\u00fchren die Reparaturen nach den\u00a0<strong>bew\u00e4hrten Qualit\u00e4tsrichtlinien<\/strong>\u00a0des Unternehmens durch und sind ebenfalls in der Lage, die Produkte bei Bedarf auf den\u00a0<strong>neuesten \u00c4nderungs- oder Softwarestand<\/strong>\u00a0umzubauen und zu aktualisieren.<\/p>\n<p>[\/et_pb_text][\/et_pb_column][\/et_pb_row][et_pb_row _builder_version=&#8220;4.27.0&#8243; _module_preset=&#8220;default&#8220; background_color=&#8220;RGBA(255,255,255,0)&#8220; global_colors_info=&#8220;{}&#8220;][et_pb_column type=&#8220;4_4&#8243; _builder_version=&#8220;4.27.0&#8243; _module_preset=&#8220;default&#8220; global_colors_info=&#8220;{}&#8220;][et_pb_text _builder_version=&#8220;4.27.4&#8243; _module_preset=&#8220;default&#8220; custom_css_main_element=&#8220;text-align: justify;||columns: 100px 2;||-webkit-columns: 100px 2;||-moz-columns: 100px 2;&#8220; global_colors_info=&#8220;{}&#8220;]<\/p>\n<ul>\n<li>Garantiereparaturen<\/li>\n<li>Beseitigung von Besch\u00e4digungen<\/li>\n<li>Umbau auf den neuesten \u00c4nderungsstand<\/li>\n<li>Softwareupdates<\/li>\n<li>Neue Programmierungen<\/li>\n<li>Pr\u00fcfungen<\/li>\n<li>Dokumentationen<\/li>\n<\/ul>\n<p>[\/et_pb_text][et_pb_text _builder_version=&#8220;4.27.4&#8243; _module_preset=&#8220;default&#8220; text_text_color=&#8220;#1A1A1A&#8220; text_font_size=&#8220;15px&#8220; link_text_color=&#8220;#C40404&#8243; global_colors_info=&#8220;{}&#8220;][\/et_pb_text][\/et_pb_column][\/et_pb_row][et_pb_row module_class=&#8220;kb-zoomout&#8220; _builder_version=&#8220;4.27.4&#8243; _module_preset=&#8220;default&#8220; custom_css_main_element=&#8220;overflow: hidden;&#8220; locked=&#8220;off&#8220; global_colors_info=&#8220;{}&#8220;][et_pb_column type=&#8220;4_4&#8243; _builder_version=&#8220;4.27.4&#8243; _module_preset=&#8220;default&#8220; global_colors_info=&#8220;{}&#8220;][et_pb_divider color=&#8220;#E09900&#8243; divider_weight=&#8220;2px&#8220; _builder_version=&#8220;4.27.4&#8243; _module_preset=&#8220;default&#8220; global_colors_info=&#8220;{}&#8220;][\/et_pb_divider][et_pb_text _builder_version=&#8220;4.27.4&#8243; _module_preset=&#8220;default&#8220; custom_padding=&#8220;||||false|false&#8220; global_colors_info=&#8220;{}&#8220;]<\/p>\n<table style=\"border-collapse: collapse; width: 100%;\" border=\"1\">\n<tbody>\n<tr>\n<td style=\"width: 13.2468%;\"><img loading=\"lazy\" decoding=\"async\" src=\"https:\/\/www.kug-ems.de\/wp-content\/uploads\/2025\/10\/kug-pictogramm-Service.png\" width=\"300\" height=\"300\" alt=\"\" class=\"wp-image-2542 alignnone size-full\" srcset=\"https:\/\/www.kug-ems.de\/wp-content\/uploads\/2025\/10\/kug-pictogramm-Service.png 300w, https:\/\/www.kug-ems.de\/wp-content\/uploads\/2025\/10\/kug-pictogramm-Service-150x150.png 150w, https:\/\/www.kug-ems.de\/wp-content\/uploads\/2025\/10\/kug-pictogramm-Service-12x12.png 12w, https:\/\/www.kug-ems.de\/wp-content\/uploads\/2025\/10\/kug-pictogramm-Service-200x200.png 200w\" sizes=\"(max-width: 300px) 100vw, 300px\" \/><\/td>\n<td style=\"width: 86.7533%;\">\n<h1>AFTER SALES SERVICE<\/h1>\n<\/td>\n<\/tr>\n<\/tbody>\n<\/table>\n<h1><\/h1>\n<h1><\/h1>\n<p>[\/et_pb_text][et_pb_image src=&#8220;https:\/\/www.kug-ems.de\/wp-content\/uploads\/2025\/10\/Bildrahmen-flach.png&#8220; title_text=&#8220;KuG after sales service2&#8243; _builder_version=&#8220;4.27.4&#8243; _module_preset=&#8220;default&#8220; background_image=&#8220;https:\/\/www.kug-ems.de\/wp-content\/uploads\/2025\/10\/KuG-after-sales-service2.webp&#8220; parallax=&#8220;on&#8220; parallax_method=&#8220;off&#8220; global_colors_info=&#8220;{}&#8220;][\/et_pb_image][\/et_pb_column][\/et_pb_row][et_pb_row _builder_version=&#8220;4.27.0&#8243; _module_preset=&#8220;default&#8220; background_color=&#8220;RGBA(255,255,255,0)&#8220; global_colors_info=&#8220;{}&#8220;][et_pb_column type=&#8220;4_4&#8243; _builder_version=&#8220;4.27.0&#8243; _module_preset=&#8220;default&#8220; global_colors_info=&#8220;{}&#8220;][et_pb_text _builder_version=&#8220;4.27.4&#8243; _module_preset=&#8220;default&#8220; text_text_color=&#8220;#1A1A1A&#8220; text_font_size=&#8220;15px&#8220; link_text_color=&#8220;#C40404&#8243; custom_css_main_element=&#8220;text-align: justify;||columns: 100px 2;||-webkit-columns: 100px 2;||-moz-columns: 100px 2;&#8220; global_colors_info=&#8220;{}&#8220;]<\/p>\n<section class=\"elementor-section elementor-top-section elementor-element elementor-element-f41307e elementor-section-boxed elementor-section-height-default elementor-section-height-default\" data-id=\"f41307e\" data-element_type=\"section\">\n<div class=\"elementor-container elementor-column-gap-default\">\n<div class=\"elementor-column elementor-col-100 elementor-top-column elementor-element elementor-element-a191e94\" data-id=\"a191e94\" data-element_type=\"column\">\n<div class=\"elementor-widget-wrap elementor-element-populated\">\n<div class=\"elementor-element elementor-element-66cec8a elementor-widget elementor-widget-text-editor\" data-id=\"66cec8a\" data-element_type=\"widget\" data-widget_type=\"text-editor.default\">\n<div class=\"elementor-widget-container\">\n<p>Die Kr\u00fcger &amp; Gothe GmbH stellt seinen Kunden bei Bedarf und nach vorheriger Vereinbarung individuell auch einen, f\u00fcr die EMS-Branche ungew\u00f6hnlichen,\u00a0<strong>After Sales Service<\/strong>\u00a0zur Verf\u00fcgung, der von Kunden erfahrungsgem\u00e4\u00df gern beauftragt und angenommen wird.\u00a0 <strong>Endkunden\u00a0<\/strong>erhalten unter einer besonderen Service-Tel.-Nr. eine\u00a0<strong>direkte Beratung durch die Experten der Kr\u00fcger &amp; Gothe GmbH<\/strong>\u00a0bzw. haben die M\u00f6glichkeit, die Produkte bei der Kr\u00fcger &amp; Gothe GmbH reparieren zu lassen, sofern die Voraussetzungen daf\u00fcr gegeben sind.<\/p>\n<p>Auch diese Prozesse sind sehr individuell und erfordern eine Detailkonzeptionierung zwischen den Kunden und den Experten der Kr\u00fcger &amp; Gothe GmbH.<\/p>\n<\/div>\n<\/div>\n<\/div>\n<\/div>\n<\/div>\n<\/section>\n<p>[\/et_pb_text][\/et_pb_column][\/et_pb_row][et_pb_row _builder_version=&#8220;4.27.0&#8243; _module_preset=&#8220;default&#8220; background_color=&#8220;RGBA(255,255,255,0)&#8220; global_colors_info=&#8220;{}&#8220;][et_pb_column type=&#8220;4_4&#8243; _builder_version=&#8220;4.27.0&#8243; _module_preset=&#8220;default&#8220; global_colors_info=&#8220;{}&#8220;][et_pb_text _builder_version=&#8220;4.27.4&#8243; _module_preset=&#8220;default&#8220; custom_css_main_element=&#8220;text-align: justify;||columns: 100px 2;||-webkit-columns: 100px 2;||-moz-columns: 100px 2;&#8220; global_colors_info=&#8220;{}&#8220;]<\/p>\n<ul>\n<li>Endkundenbetreuung und -beratung<\/li>\n<li>Reparaturen<\/li>\n<li>Direktauslieferungen<\/li>\n<li>National und international<\/li>\n<\/ul>\n<p>[\/et_pb_text][et_pb_text _builder_version=&#8220;4.27.4&#8243; _module_preset=&#8220;default&#8220; text_text_color=&#8220;#1A1A1A&#8220; text_font_size=&#8220;15px&#8220; link_text_color=&#8220;#C40404&#8243; global_colors_info=&#8220;{}&#8220;][\/et_pb_text][\/et_pb_column][\/et_pb_row][et_pb_row custom_padding_last_edited=&#8220;on|phone&#8220; _builder_version=&#8220;4.27.0&#8243; _module_preset=&#8220;default&#8220; background_color=&#8220;RGBA(255,255,255,0)&#8220; custom_padding_tablet=&#8220;&#8220; custom_padding_phone=&#8220;0px||||false|false&#8220; global_colors_info=&#8220;{}&#8220;][et_pb_column type=&#8220;4_4&#8243; _builder_version=&#8220;4.27.0&#8243; _module_preset=&#8220;default&#8220; global_colors_info=&#8220;{}&#8220;][et_pb_divider color=&#8220;#E09900&#8243; divider_weight=&#8220;2px&#8220; _builder_version=&#8220;4.27.4&#8243; _module_preset=&#8220;default&#8220; global_colors_info=&#8220;{}&#8220;][\/et_pb_divider][\/et_pb_column][\/et_pb_row][\/et_pb_section][et_pb_section fb_built=&#8220;1&#8243; disabled_on=&#8220;off|off|on&#8220; _builder_version=&#8220;4.27.4&#8243; _module_preset=&#8220;default&#8220; background_color=&#8220;#ededed&#8220; custom_padding=&#8220;||80px||false|false&#8220; locked=&#8220;off&#8220; global_colors_info=&#8220;{}&#8220;][et_pb_row _builder_version=&#8220;4.27.0&#8243; _module_preset=&#8220;default&#8220; background_color=&#8220;RGBA(255,255,255,0)&#8220; global_colors_info=&#8220;{}&#8220;][et_pb_column type=&#8220;4_4&#8243; _builder_version=&#8220;4.27.0&#8243; _module_preset=&#8220;default&#8220; global_colors_info=&#8220;{}&#8220;][et_pb_text _builder_version=&#8220;4.27.4&#8243; _module_preset=&#8220;default&#8220; text_text_color=&#8220;#1A1A1A&#8220; text_font_size=&#8220;15px&#8220; link_text_color=&#8220;#C40404&#8243; global_colors_info=&#8220;{}&#8220;]<\/p>\n<section class=\"elementor-section elementor-top-section elementor-element elementor-element-1a9ad05 elementor-section-boxed elementor-section-height-default elementor-section-height-default\" data-id=\"1a9ad05\" data-element_type=\"section\">\n<div class=\"elementor-container elementor-column-gap-default\">\n<div class=\"elementor-column elementor-col-100 elementor-top-column elementor-element elementor-element-87b0796\" data-id=\"87b0796\" data-element_type=\"column\">\n<div class=\"elementor-widget-wrap elementor-element-populated\">\n<div class=\"elementor-element elementor-element-8eedb84 elementor-widget elementor-widget-text-editor\" data-id=\"8eedb84\" data-element_type=\"widget\" data-widget_type=\"text-editor.default\">\n<div class=\"elementor-widget-container\">\n<p>Zum Unternehmenskonzept der Kr\u00fcger &amp; Gothe GmbH geh\u00f6rt auch ein umfassender\u00a0<strong>Service<\/strong>. Dieser reicht von diversen individuellen\u00a0<strong>Logistikl\u00f6sungen<\/strong>\u00a0bis hin zum\u00a0<strong>Transport<\/strong>\u00a0und\u00a0<strong>After Sales Service<\/strong>, denn ein erfolgreiches EMS-Konzept muss heute auch die ganzheitliche Leistung um das Produkt und den Kunden herum abbilden k\u00f6nnen.<\/p>\n<\/div>\n<\/div>\n<\/div>\n<\/div>\n<\/div>\n<\/section>\n<p>[\/et_pb_text][\/et_pb_column][\/et_pb_row][et_pb_row module_class=&#8220;kb-zoomout&#8220; _builder_version=&#8220;4.27.4&#8243; _module_preset=&#8220;default&#8220; custom_css_main_element=&#8220;overflow: hidden;&#8220; locked=&#8220;off&#8220; global_colors_info=&#8220;{}&#8220;][et_pb_column type=&#8220;4_4&#8243; _builder_version=&#8220;4.27.4&#8243; _module_preset=&#8220;default&#8220; global_colors_info=&#8220;{}&#8220;][et_pb_divider color=&#8220;#E09900&#8243; divider_weight=&#8220;2px&#8220; _builder_version=&#8220;4.27.4&#8243; _module_preset=&#8220;default&#8220; global_colors_info=&#8220;{}&#8220;][\/et_pb_divider][et_pb_text _builder_version=&#8220;4.27.4&#8243; _module_preset=&#8220;default&#8220; custom_padding=&#8220;||||false|false&#8220; global_colors_info=&#8220;{}&#8220;]<\/p>\n<table style=\"border-collapse: collapse; width: 100%;\" border=\"1\">\n<tbody>\n<tr>\n<td style=\"width: 13.2468%;\"><img loading=\"lazy\" decoding=\"async\" src=\"https:\/\/www.kug-ems.de\/wp-content\/uploads\/2025\/10\/kug-pictogramm-Logistik.png\" width=\"300\" height=\"300\" alt=\"\" class=\"wp-image-2539 alignnone size-full\" srcset=\"https:\/\/www.kug-ems.de\/wp-content\/uploads\/2025\/10\/kug-pictogramm-Logistik.png 300w, https:\/\/www.kug-ems.de\/wp-content\/uploads\/2025\/10\/kug-pictogramm-Logistik-150x150.png 150w, https:\/\/www.kug-ems.de\/wp-content\/uploads\/2025\/10\/kug-pictogramm-Logistik-12x12.png 12w, https:\/\/www.kug-ems.de\/wp-content\/uploads\/2025\/10\/kug-pictogramm-Logistik-200x200.png 200w\" sizes=\"(max-width: 300px) 100vw, 300px\" \/><\/td>\n<td style=\"width: 86.7533%;\">\n<h1>LOGISTIK<\/h1>\n<\/td>\n<\/tr>\n<\/tbody>\n<\/table>\n<h1><\/h1>\n<h1><\/h1>\n<p>[\/et_pb_text][et_pb_image src=&#8220;https:\/\/www.kug-ems.de\/wp-content\/uploads\/2025\/10\/Bildrahmen-flach.png&#8220; title_text=&#8220;KuG Logistik&#8220; _builder_version=&#8220;4.27.4&#8243; _module_preset=&#8220;default&#8220; background_image=&#8220;https:\/\/www.kug-ems.de\/wp-content\/uploads\/2025\/09\/KuG-Logistik.jpg&#8220; parallax=&#8220;on&#8220; parallax_method=&#8220;off&#8220; global_colors_info=&#8220;{}&#8220;][\/et_pb_image][\/et_pb_column][\/et_pb_row][et_pb_row _builder_version=&#8220;4.27.0&#8243; _module_preset=&#8220;default&#8220; background_color=&#8220;RGBA(255,255,255,0)&#8220; locked=&#8220;off&#8220; global_colors_info=&#8220;{}&#8220;][et_pb_column type=&#8220;4_4&#8243; _builder_version=&#8220;4.27.0&#8243; _module_preset=&#8220;default&#8220; global_colors_info=&#8220;{}&#8220;][et_pb_text _builder_version=&#8220;4.27.4&#8243; _module_preset=&#8220;default&#8220; text_text_color=&#8220;#1A1A1A&#8220; text_font_size=&#8220;15px&#8220; link_text_color=&#8220;#C40404&#8243; global_colors_info=&#8220;{}&#8220;]<\/p>\n<p>Mit Logistik verbindet die Kr\u00fcger &amp; Gothe GmbH die F\u00e4higkeit, die hohe\u00a0<strong>Marktdynamik<\/strong>\u00a0leistungsstark f\u00fcr die Kunden abbilden zu k\u00f6nnen. Dies beinhaltet insbesondere ein\u00a0<strong>individuelles Auftragsmanagement\u00a0<\/strong>und darauf basierend\u00a0<strong>material- und produktspezifische Logistikl\u00f6sungen<\/strong>. Das Unternehmen ist darauf spezialisiert, hierf\u00fcr sowohl die bew\u00e4hrten eigenen\u00a0<strong>Standardl\u00f6sungen\u00a0<\/strong>wie auch\u00a0<strong>Sonderl\u00f6sungen<\/strong>\u00a0f\u00fcr die Kunden realisieren zu k\u00f6nnen, um den Kunden einen\u00a0<strong>st\u00f6rungsfreien Marktzugang<\/strong> zu erm\u00f6glichen.<\/p>\n<p>[\/et_pb_text][\/et_pb_column][\/et_pb_row][et_pb_row _builder_version=&#8220;4.27.0&#8243; _module_preset=&#8220;default&#8220; background_color=&#8220;RGBA(255,255,255,0)&#8220; locked=&#8220;off&#8220; global_colors_info=&#8220;{}&#8220;][et_pb_column type=&#8220;4_4&#8243; _builder_version=&#8220;4.27.0&#8243; _module_preset=&#8220;default&#8220; global_colors_info=&#8220;{}&#8220;][et_pb_text _builder_version=&#8220;4.27.4&#8243; _module_preset=&#8220;default&#8220; global_colors_info=&#8220;{}&#8220;]<\/p>\n<ul>\n<li>Material- und Produktlogistik<\/li>\n<li>Konsignationsl\u00e4ger<\/li>\n<li>Wiederbeschaffungsmanagement<\/li>\n<li>Sicherheitsl\u00e4ger<\/li>\n<li>Last Call Management<\/li>\n<li>Restmaterialvermarktung<\/li>\n<\/ul>\n<p>[\/et_pb_text][et_pb_text _builder_version=&#8220;4.27.4&#8243; _module_preset=&#8220;default&#8220; text_text_color=&#8220;#1A1A1A&#8220; text_font_size=&#8220;15px&#8220; link_text_color=&#8220;#C40404&#8243; global_colors_info=&#8220;{}&#8220;][\/et_pb_text][\/et_pb_column][\/et_pb_row][et_pb_row module_class=&#8220;kb-zoomin&#8220; _builder_version=&#8220;4.27.4&#8243; _module_preset=&#8220;default&#8220; hover_enabled=&#8220;0&#8243; custom_css_main_element=&#8220;overflow: hidden;&#8220; locked=&#8220;off&#8220; global_colors_info=&#8220;{}&#8220; sticky_enabled=&#8220;0&#8243;][et_pb_column type=&#8220;4_4&#8243; _builder_version=&#8220;4.27.4&#8243; _module_preset=&#8220;default&#8220; global_colors_info=&#8220;{}&#8220;][et_pb_divider color=&#8220;#E09900&#8243; divider_weight=&#8220;2px&#8220; _builder_version=&#8220;4.27.4&#8243; _module_preset=&#8220;default&#8220; global_colors_info=&#8220;{}&#8220;][\/et_pb_divider][et_pb_text _builder_version=&#8220;4.27.4&#8243; _module_preset=&#8220;default&#8220; custom_padding=&#8220;||0px||false|false&#8220; hover_enabled=&#8220;0&#8243; global_colors_info=&#8220;{}&#8220; content_last_edited=&#8220;on|phone&#8220; sticky_enabled=&#8220;0&#8243; content_tablet=&#8220;<\/p>\n<table style=%22border-collapse: collapse; width: 100%;%22 border=%221%22>\n<tbody>\n<tr>\n<td style=%22width: 13.2468%;%22><img src=%22https:\/\/www.kug-ems.de\/wp-content\/uploads\/2025\/10\/kug-pictogramm-Transport2.png%22 width=%22300%22 height=%22300%22 alt=%22%22 class=%22wp-image-2541 alignnone size-full%22 \/><\/td>\n<td style=%22width: 86.7533%;%22>\n<h1>TRANSPORT<\/h1>\n<\/td>\n<\/tr>\n<\/tbody>\n<\/table>\n<h1><\/h1>\n<h1><\/h1>\n<p>&#8220; content_phone=&#8220;<\/p>\n<table style=%22border-collapse: collapse; width: 100%;%22 border=%221%22>\n<tbody>\n<tr>\n<td style=%22width: 13.2468%;%22><img src=%22https:\/\/www.kug-ems.de\/wp-content\/uploads\/2025\/10\/kug-pictogramm-Transport2.png%22 width=%22300%22 height=%22300%22 alt=%22%22 class=%22wp-image-2541 alignnone size-full%22 \/><\/td>\n<td style=%22width: 86.7533%;%22>\n<h1>TRANSPORT<\/h1>\n<\/td>\n<\/tr>\n<\/tbody>\n<\/table>\n<h1><\/h1>\n<h1><\/h1>\n<p>&#8222;]<\/p>\n<table style=\"border-collapse: collapse; width: 100%;\" border=\"1\">\n<tbody>\n<tr>\n<td style=\"width: 13.2468%;\"><img loading=\"lazy\" decoding=\"async\" src=\"https:\/\/www.kug-ems.de\/wp-content\/uploads\/2025\/10\/kug-pictogramm-Transport2.png\" width=\"300\" height=\"300\" alt=\"\" class=\"wp-image-2541 alignnone size-full\" srcset=\"https:\/\/www.kug-ems.de\/wp-content\/uploads\/2025\/10\/kug-pictogramm-Transport2.png 300w, https:\/\/www.kug-ems.de\/wp-content\/uploads\/2025\/10\/kug-pictogramm-Transport2-150x150.png 150w, https:\/\/www.kug-ems.de\/wp-content\/uploads\/2025\/10\/kug-pictogramm-Transport2-12x12.png 12w, https:\/\/www.kug-ems.de\/wp-content\/uploads\/2025\/10\/kug-pictogramm-Transport2-200x200.png 200w\" sizes=\"(max-width: 300px) 100vw, 300px\" \/><\/td>\n<td style=\"width: 86.7533%;\">\n<h1>TRANSPORT<\/h1>\n<\/td>\n<\/tr>\n<\/tbody>\n<\/table>\n<h1><\/h1>\n<h1><\/h1>\n<p>[\/et_pb_text][et_pb_image src=&#8220;https:\/\/www.kug-ems.de\/wp-content\/uploads\/2025\/10\/Bildrahmen-flach.png&#8220; title_text=&#8220;KuG transport&#8220; _builder_version=&#8220;4.27.4&#8243; _module_preset=&#8220;default&#8220; background_image=&#8220;https:\/\/www.kug-ems.de\/wp-content\/uploads\/2025\/10\/KuG-transport.webp&#8220; parallax=&#8220;on&#8220; parallax_method=&#8220;off&#8220; global_colors_info=&#8220;{}&#8220;][\/et_pb_image][\/et_pb_column][\/et_pb_row][et_pb_row _builder_version=&#8220;4.27.0&#8243; _module_preset=&#8220;default&#8220; background_color=&#8220;RGBA(255,255,255,0)&#8220; global_colors_info=&#8220;{}&#8220;][et_pb_column type=&#8220;4_4&#8243; _builder_version=&#8220;4.27.0&#8243; _module_preset=&#8220;default&#8220; global_colors_info=&#8220;{}&#8220;][et_pb_text _builder_version=&#8220;4.27.4&#8243; _module_preset=&#8220;default&#8220; text_text_color=&#8220;#1A1A1A&#8220; text_font_size=&#8220;15px&#8220; link_text_color=&#8220;#C40404&#8243; global_colors_info=&#8220;{}&#8220;]<\/p>\n<section class=\"elementor-section elementor-top-section elementor-element elementor-element-029ae83 elementor-section-boxed elementor-section-height-default elementor-section-height-default\" data-id=\"029ae83\" data-element_type=\"section\">\n<div class=\"elementor-container elementor-column-gap-default\">\n<div class=\"elementor-column elementor-col-100 elementor-top-column elementor-element elementor-element-bc91a6e\" data-id=\"bc91a6e\" data-element_type=\"column\">\n<div class=\"elementor-widget-wrap elementor-element-populated\">\n<div class=\"elementor-element elementor-element-289ec72 elementor-widget elementor-widget-text-editor\" data-id=\"289ec72\" data-element_type=\"widget\" data-widget_type=\"text-editor.default\">\n<div class=\"elementor-widget-container\">\n<p>Das<strong>\u00a0Transportmanagement<\/strong>\u00a0rundet das Dienstleistungsangebot der Kr\u00fcger &amp; Gothe GmbH ab. Der Anspruch des Unternehmens ist, die f\u00fcr den Kunden produzierten Produkte\u00a0<strong>qualifiziert und terminsicher<\/strong>\u00a0an den vom Kunden gew\u00fcnschten Ort zu transportieren. Das wird entweder durch den\u00a0<strong>eigenen Fuhrpark<\/strong> oder durch beauftragte qualifizierte<strong>\u00a0Logistikdienstleiter\u00a0<\/strong>sichergestellt. Alle Formalit\u00e4ten werden durch die Mitarbeiter der Kr\u00fcger &amp; Gothe GmbH verantwortungsvoll wahrgenommen.<\/p>\n<\/div>\n<\/div>\n<\/div>\n<\/div>\n<\/div>\n<\/section>\n<p>[\/et_pb_text][\/et_pb_column][\/et_pb_row][et_pb_row _builder_version=&#8220;4.27.0&#8243; _module_preset=&#8220;default&#8220; background_color=&#8220;RGBA(255,255,255,0)&#8220; global_colors_info=&#8220;{}&#8220;][et_pb_column type=&#8220;4_4&#8243; _builder_version=&#8220;4.27.0&#8243; _module_preset=&#8220;default&#8220; global_colors_info=&#8220;{}&#8220;][et_pb_text _builder_version=&#8220;4.27.4&#8243; _module_preset=&#8220;default&#8220; global_colors_info=&#8220;{}&#8220;]<\/p>\n<ul>\n<li>Eigentransporte<\/li>\n<li>Terminlieferungen<\/li>\n<li>Expresslieferungen<\/li>\n<li>National und international<\/li>\n<li>Zollmanagement<\/li>\n<li>Einbindung in das Speditionsmanagement der Kunden<\/li>\n<\/ul>\n<p>[\/et_pb_text][\/et_pb_column][\/et_pb_row][et_pb_row module_class=&#8220;kb-zoomin&#8220; _builder_version=&#8220;4.27.4&#8243; _module_preset=&#8220;default&#8220; hover_enabled=&#8220;0&#8243; custom_css_main_element=&#8220;overflow: hidden;&#8220; locked=&#8220;off&#8220; global_colors_info=&#8220;{}&#8220; sticky_enabled=&#8220;0&#8243;][et_pb_column type=&#8220;4_4&#8243; _builder_version=&#8220;4.27.4&#8243; _module_preset=&#8220;default&#8220; global_colors_info=&#8220;{}&#8220;][et_pb_divider color=&#8220;#E09900&#8243; divider_weight=&#8220;2px&#8220; _builder_version=&#8220;4.27.4&#8243; _module_preset=&#8220;default&#8220; global_colors_info=&#8220;{}&#8220;][\/et_pb_divider][et_pb_text _builder_version=&#8220;4.27.4&#8243; _module_preset=&#8220;default&#8220; custom_padding=&#8220;||||false|false&#8220; global_colors_info=&#8220;{}&#8220;]<\/p>\n<table style=\"border-collapse: collapse; width: 100%;\" border=\"1\">\n<tbody>\n<tr>\n<td style=\"width: 13.2468%;\"><img loading=\"lazy\" decoding=\"async\" src=\"https:\/\/www.kug-ems.de\/wp-content\/uploads\/2025\/10\/kug-pictogramm-reparatur2.png\" width=\"300\" height=\"300\" alt=\"\" class=\"wp-image-2544 alignnone size-full\" srcset=\"https:\/\/www.kug-ems.de\/wp-content\/uploads\/2025\/10\/kug-pictogramm-reparatur2.png 300w, https:\/\/www.kug-ems.de\/wp-content\/uploads\/2025\/10\/kug-pictogramm-reparatur2-150x150.png 150w, https:\/\/www.kug-ems.de\/wp-content\/uploads\/2025\/10\/kug-pictogramm-reparatur2-12x12.png 12w, https:\/\/www.kug-ems.de\/wp-content\/uploads\/2025\/10\/kug-pictogramm-reparatur2-200x200.png 200w\" sizes=\"(max-width: 300px) 100vw, 300px\" \/><\/td>\n<td style=\"width: 86.7533%;\">\n<h1>REPARATUR<\/h1>\n<\/td>\n<\/tr>\n<\/tbody>\n<\/table>\n<h1><\/h1>\n<h1><\/h1>\n<p>[\/et_pb_text][et_pb_image src=&#8220;https:\/\/www.kug-ems.de\/wp-content\/uploads\/2025\/10\/Bildrahmen-flach.png&#8220; title_text=&#8220;KuG-reparatur6&#8243; _builder_version=&#8220;4.27.4&#8243; _module_preset=&#8220;default&#8220; background_image=&#8220;https:\/\/www.kug-ems.de\/wp-content\/uploads\/2025\/10\/KuG-reparatur6.jpg&#8220; parallax=&#8220;on&#8220; parallax_method=&#8220;off&#8220; global_colors_info=&#8220;{}&#8220;][\/et_pb_image][\/et_pb_column][\/et_pb_row][et_pb_row _builder_version=&#8220;4.27.0&#8243; _module_preset=&#8220;default&#8220; background_color=&#8220;RGBA(255,255,255,0)&#8220; global_colors_info=&#8220;{}&#8220;][et_pb_column type=&#8220;4_4&#8243; _builder_version=&#8220;4.27.0&#8243; _module_preset=&#8220;default&#8220; global_colors_info=&#8220;{}&#8220;][et_pb_text _builder_version=&#8220;4.27.4&#8243; _module_preset=&#8220;default&#8220; text_text_color=&#8220;#1A1A1A&#8220; text_font_size=&#8220;15px&#8220; link_text_color=&#8220;#C40404&#8243; global_colors_info=&#8220;{}&#8220;]<\/p>\n<p>Die Kr\u00fcger &amp; Gothe GmbH bietet seinen Kunden auch einen umfassenden\u00a0<strong>Reparaturservice<\/strong> an. Dazu geh\u00f6ren etwa, kostenlose Garantiereparaturen, sofern diese mit dem Kunden im Vorab individuell vereinbart wurden. Darunter sind Reparaturen zu verstehen, die durch <strong>Besch\u00e4digung Dritter<\/strong>\u00a0notwendig werden. Die technologischen M\u00f6glichkeiten sind hierbei vielf\u00e4ltig. Die Experten der Kr\u00fcger &amp; Gothe GmbH f\u00fchren die Reparaturen nach den\u00a0<strong>bew\u00e4hrten Qualit\u00e4tsrichtlinien<\/strong>\u00a0des Unternehmens durch und sind ebenfalls in der Lage, die Produkte bei Bedarf auf den\u00a0<strong>neuesten \u00c4nderungs- oder Softwarestand<\/strong>\u00a0umzubauen und zu aktualisieren.<\/p>\n<p>[\/et_pb_text][\/et_pb_column][\/et_pb_row][et_pb_row _builder_version=&#8220;4.27.0&#8243; _module_preset=&#8220;default&#8220; background_color=&#8220;RGBA(255,255,255,0)&#8220; global_colors_info=&#8220;{}&#8220;][et_pb_column type=&#8220;4_4&#8243; _builder_version=&#8220;4.27.0&#8243; _module_preset=&#8220;default&#8220; global_colors_info=&#8220;{}&#8220;][et_pb_text _builder_version=&#8220;4.27.4&#8243; _module_preset=&#8220;default&#8220; global_colors_info=&#8220;{}&#8220;]<\/p>\n<ul>\n<li>Garantiereparaturen<\/li>\n<li>Beseitigung von Besch\u00e4digungen<\/li>\n<li>Umbau auf den neuesten \u00c4nderungsstand<\/li>\n<li>Softwareupdates<\/li>\n<li>Neue Programmierungen<\/li>\n<li>Pr\u00fcfungen<\/li>\n<li>Dokumentationen<\/li>\n<\/ul>\n<p>[\/et_pb_text][\/et_pb_column][\/et_pb_row][et_pb_row module_class=&#8220;kb-zoomin&#8220; _builder_version=&#8220;4.27.4&#8243; _module_preset=&#8220;default&#8220; hover_enabled=&#8220;0&#8243; custom_css_main_element=&#8220;overflow: hidden;&#8220; locked=&#8220;off&#8220; global_colors_info=&#8220;{}&#8220; sticky_enabled=&#8220;0&#8243;][et_pb_column type=&#8220;4_4&#8243; _builder_version=&#8220;4.27.4&#8243; _module_preset=&#8220;default&#8220; global_colors_info=&#8220;{}&#8220;][et_pb_divider color=&#8220;#E09900&#8243; divider_weight=&#8220;2px&#8220; _builder_version=&#8220;4.27.4&#8243; _module_preset=&#8220;default&#8220; global_colors_info=&#8220;{}&#8220;][\/et_pb_divider][et_pb_text _builder_version=&#8220;4.27.4&#8243; _module_preset=&#8220;default&#8220; custom_padding=&#8220;||||false|false&#8220; global_colors_info=&#8220;{}&#8220;]<\/p>\n<table style=\"border-collapse: collapse; width: 100%;\" border=\"1\">\n<tbody>\n<tr>\n<td style=\"width: 13.2468%;\"><img loading=\"lazy\" decoding=\"async\" src=\"https:\/\/www.kug-ems.de\/wp-content\/uploads\/2025\/10\/kug-pictogramm-Service.png\" width=\"300\" height=\"300\" alt=\"\" class=\"wp-image-2542 alignnone size-full\" srcset=\"https:\/\/www.kug-ems.de\/wp-content\/uploads\/2025\/10\/kug-pictogramm-Service.png 300w, https:\/\/www.kug-ems.de\/wp-content\/uploads\/2025\/10\/kug-pictogramm-Service-150x150.png 150w, https:\/\/www.kug-ems.de\/wp-content\/uploads\/2025\/10\/kug-pictogramm-Service-12x12.png 12w, https:\/\/www.kug-ems.de\/wp-content\/uploads\/2025\/10\/kug-pictogramm-Service-200x200.png 200w\" sizes=\"(max-width: 300px) 100vw, 300px\" \/><\/td>\n<td style=\"width: 86.7533%;\">\n<h1>AFTER SALES SERVICE<\/h1>\n<\/td>\n<\/tr>\n<\/tbody>\n<\/table>\n<h1><\/h1>\n<h1><\/h1>\n<p>[\/et_pb_text][et_pb_image src=&#8220;https:\/\/www.kug-ems.de\/wp-content\/uploads\/2025\/10\/Bildrahmen-flach.png&#8220; title_text=&#8220;KuG after sales service2&#8243; _builder_version=&#8220;4.27.4&#8243; _module_preset=&#8220;default&#8220; background_image=&#8220;https:\/\/www.kug-ems.de\/wp-content\/uploads\/2025\/10\/KuG-after-sales-service2.webp&#8220; parallax=&#8220;on&#8220; parallax_method=&#8220;off&#8220; global_colors_info=&#8220;{}&#8220;][\/et_pb_image][\/et_pb_column][\/et_pb_row][et_pb_row _builder_version=&#8220;4.27.0&#8243; _module_preset=&#8220;default&#8220; background_color=&#8220;RGBA(255,255,255,0)&#8220; global_colors_info=&#8220;{}&#8220;][et_pb_column type=&#8220;4_4&#8243; _builder_version=&#8220;4.27.0&#8243; _module_preset=&#8220;default&#8220; global_colors_info=&#8220;{}&#8220;][et_pb_text _builder_version=&#8220;4.27.4&#8243; _module_preset=&#8220;default&#8220; text_text_color=&#8220;#1A1A1A&#8220; text_font_size=&#8220;15px&#8220; link_text_color=&#8220;#C40404&#8243; global_colors_info=&#8220;{}&#8220;]<\/p>\n<section class=\"elementor-section elementor-top-section elementor-element elementor-element-f41307e elementor-section-boxed elementor-section-height-default elementor-section-height-default\" data-id=\"f41307e\" data-element_type=\"section\">\n<div class=\"elementor-container elementor-column-gap-default\">\n<div class=\"elementor-column elementor-col-100 elementor-top-column elementor-element elementor-element-a191e94\" data-id=\"a191e94\" data-element_type=\"column\">\n<div class=\"elementor-widget-wrap elementor-element-populated\">\n<div class=\"elementor-element elementor-element-66cec8a elementor-widget elementor-widget-text-editor\" data-id=\"66cec8a\" data-element_type=\"widget\" data-widget_type=\"text-editor.default\">\n<div class=\"elementor-widget-container\">\n<p>Die Kr\u00fcger &amp; Gothe GmbH stellt seinen Kunden bei Bedarf und nach vorheriger Vereinbarung individuell auch einen, f\u00fcr die EMS-Branche ungew\u00f6hnlichen,\u00a0<strong>After Sales Service<\/strong>\u00a0zur Verf\u00fcgung, der von Kunden erfahrungsgem\u00e4\u00df gern beauftragt und angenommen wird.\u00a0 <strong>Endkunden\u00a0<\/strong>erhalten unter einer besonderen Service-Tel.-Nr. eine\u00a0<strong>direkte Beratung durch die Experten der Kr\u00fcger &amp; Gothe GmbH<\/strong>\u00a0bzw. haben die M\u00f6glichkeit, die Produkte bei der Kr\u00fcger &amp; Gothe GmbH reparieren zu lassen, sofern die Voraussetzungen daf\u00fcr gegeben sind.<\/p>\n<p>Auch diese Prozesse sind sehr individuell und erfordern eine Detailkonzeptionierung zwischen den Kunden und den Experten der Kr\u00fcger &amp; Gothe GmbH.<\/p>\n<\/div>\n<\/div>\n<\/div>\n<\/div>\n<\/div>\n<\/section>\n<p>[\/et_pb_text][\/et_pb_column][\/et_pb_row][et_pb_row _builder_version=&#8220;4.27.0&#8243; _module_preset=&#8220;default&#8220; background_color=&#8220;RGBA(255,255,255,0)&#8220; global_colors_info=&#8220;{}&#8220;][et_pb_column type=&#8220;4_4&#8243; _builder_version=&#8220;4.27.0&#8243; _module_preset=&#8220;default&#8220; global_colors_info=&#8220;{}&#8220;][et_pb_text _builder_version=&#8220;4.27.4&#8243; _module_preset=&#8220;default&#8220; global_colors_info=&#8220;{}&#8220;]<\/p>\n<ul>\n<li>Endkundenbetreuung und -beratung<\/li>\n<li>Reparaturen<\/li>\n<li>Direktauslieferungen<\/li>\n<li>National und international<\/li>\n<\/ul>\n<p>[\/et_pb_text][\/et_pb_column][\/et_pb_row][et_pb_row custom_padding_last_edited=&#8220;on|phone&#8220; _builder_version=&#8220;4.27.0&#8243; _module_preset=&#8220;default&#8220; background_color=&#8220;RGBA(255,255,255,0)&#8220; custom_padding_tablet=&#8220;&#8220; custom_padding_phone=&#8220;0px||||false|false&#8220; global_colors_info=&#8220;{}&#8220;][et_pb_column type=&#8220;4_4&#8243; _builder_version=&#8220;4.27.0&#8243; _module_preset=&#8220;default&#8220; global_colors_info=&#8220;{}&#8220;][et_pb_divider color=&#8220;#E09900&#8243; divider_weight=&#8220;2px&#8220; _builder_version=&#8220;4.27.4&#8243; _module_preset=&#8220;default&#8220; global_colors_info=&#8220;{}&#8220;][\/et_pb_divider][\/et_pb_column][\/et_pb_row][\/et_pb_section]<\/p>\n","protected":false},"excerpt":{"rendered":"<p>WIR ARBEITEN SERVICEORIENTIERT Zum Unternehmenskonzept der Kr\u00fcger &amp; Gothe GmbH geh\u00f6rt auch ein umfassender\u00a0Service. Dieser reicht von diversen individuellen\u00a0Logistikl\u00f6sungen\u00a0bis hin zum\u00a0Transport\u00a0und\u00a0After Sales Service, denn ein erfolgreiches EMS-Konzept muss heute auch die ganzheitliche Leistung um das Produkt und den Kunden herum abbilden k\u00f6nnen. LOGISTIK Mit Logistik verbindet die Kr\u00fcger &amp; Gothe GmbH die F\u00e4higkeit, die hohe\u00a0Marktdynamik\u00a0leistungsstark [&hellip;]<\/p>\n","protected":false},"author":1,"featured_media":0,"parent":0,"menu_order":0,"comment_status":"closed","ping_status":"closed","template":"","meta":{"_et_pb_use_builder":"on","_et_pb_old_content":"","_et_gb_content_width":"","inline_featured_image":false,"wp_typography_post_enhancements_disabled":false,"footnotes":""},"class_list":["post-2332","page","type-page","status-publish","hentry"],"_links":{"self":[{"href":"https:\/\/www.kug-ems.de\/en\/wp-json\/wp\/v2\/pages\/2332","targetHints":{"allow":["GET"]}}],"collection":[{"href":"https:\/\/www.kug-ems.de\/en\/wp-json\/wp\/v2\/pages"}],"about":[{"href":"https:\/\/www.kug-ems.de\/en\/wp-json\/wp\/v2\/types\/page"}],"author":[{"embeddable":true,"href":"https:\/\/www.kug-ems.de\/en\/wp-json\/wp\/v2\/users\/1"}],"replies":[{"embeddable":true,"href":"https:\/\/www.kug-ems.de\/en\/wp-json\/wp\/v2\/comments?post=2332"}],"version-history":[{"count":16,"href":"https:\/\/www.kug-ems.de\/en\/wp-json\/wp\/v2\/pages\/2332\/revisions"}],"predecessor-version":[{"id":2645,"href":"https:\/\/www.kug-ems.de\/en\/wp-json\/wp\/v2\/pages\/2332\/revisions\/2645"}],"wp:attachment":[{"href":"https:\/\/www.kug-ems.de\/en\/wp-json\/wp\/v2\/media?parent=2332"}],"curies":[{"name":"wp","href":"https:\/\/api.w.org\/{rel}","templated":true}]}}